{"id":3498,"date":"2024-11-12T10:23:45","date_gmt":"2024-11-12T09:23:45","guid":{"rendered":"https:\/\/sites.ac-nancy-metz.fr\/dsden55\/?page_id=3498"},"modified":"2025-04-28T15:33:26","modified_gmt":"2025-04-28T13:33:26","slug":"espace-directeur-sante-soins-protection","status":"publish","type":"page","link":"https:\/\/sites.ac-nancy-metz.fr\/dsden55\/?page_id=3498","title":{"rendered":"ESPACE Directeur : Sant\u00e9 &#8211; Soins &#8211; Protection"},"content":{"rendered":"\n<table id=\"tablepress-10\" class=\"tablepress tablepress-id-10 tbody-has-connected-cells\">\n<thead>\n<tr class=\"row-1\">\n\t<th class=\"column-1\"><div align=\"center\"><strong><em>RESSOURCES<\/em><\/div><\/strong><\/th><th colspan=\"3\" class=\"column-2\"><div align=\"center\"><strong><em>TEXTES OFFICIELS - DOCUMENTS - PROCEDURES<\/em><\/div><\/strong><\/th>\n<\/tr>\n<\/thead>\n<tbody class=\"row-striping row-hover\">\n<tr class=\"row-2\">\n\t<td colspan=\"4\" class=\"column-1\"><div align=\"center\"><strong>SANTE \/ SOINS<\/div><\/strong><\/td>\n<\/tr>\n<tr class=\"row-3\">\n\t<td class=\"column-1\"><div align=\"center\"><strong>Sant\u00e9 scolaire en Meuse (site DSDEN55)<\/strong><\/div><\/td><td colspan=\"3\" class=\"column-2\"><div align=\"center\"><a href=\"https:\/\/nuage03.apps.education.fr\/index.php\/s\/bTjEffHG2E9tKcr\" target=\"_blank\" rel=\"noopener\">Lien vers Ressources CDESCE 55<\/a><\/div><\/td>\n<\/tr>\n<tr class=\"row-4\">\n\t<td class=\"column-1\"><div align=\"center\"><strong>Vaccinations obligatoires<br \/>\navant l'entr\u00e9e en maternelle<\/strong><\/div><\/td><td class=\"column-2\"><div align=\"center\"><a href=\"https:\/\/sites.ac-nancy-metz.fr\/dsden55\/wp-content\/uploads\/2024\/10\/Convention-vaccination-2024_2025.pdf\" target=\"_blank\" rel=\"noopener\">Convention Vaccination DSDEN55-ARSDT-Centres hospitaliers<\/a><\/td><td class=\"column-3\"><div align=\"center\"><a href=\"https:\/\/sites.ac-nancy-metz.fr\/dsden55\/wp-content\/uploads\/2022\/04\/note_vaccinations_obligatoires-2025.pdf\" target=\"_blank\" rel=\"noopener\">Note d'information<\/a><\/div><\/td><td class=\"column-4\"><div align=\"center\"><a href=\"https:\/\/www.flipbookpdf.net\/web\/site\/53a97449f073edde4c2373e7da27b70c432bb122202601.pdf.html#page\/4\" target=\"_blank\" rel=\"noopener\">Un exemple de carnet de sant\u00e9<\/a> <\/div><\/td>\n<\/tr>\n<tr class=\"row-5\">\n\t<td class=\"column-1\"><div align=\"center\"><strong>Soins et Urgences dans les \u00e9coles<\/strong><\/div><\/td><td class=\"column-2\"><div align=\"center\"><a href=\"https:\/\/sites.ac-nancy-metz.fr\/dsden55\/wp-content\/uploads\/2022\/04\/soins_et_urgences_dans_les_ecoles.pdf\" target=\"_blank\" rel=\"noopener\">Fiche 1 : Soins Urgence Pharmacie<\/a><\/div><\/td><td class=\"column-3\"><div align=\"center\"><a href=\"https:\/\/sites.ac-nancy-metz.fr\/dsden55\/wp-content\/uploads\/2022\/04\/Soins_courants_Hygiene.pdf\" target=\"_blank\" rel=\"noopener\">Fiche 2 : Soins courants<\/a><br \/>\n<\/div><\/td><td class=\"column-4\"><div align=\"center\"><a href=\"https:\/\/sites.ac-nancy-metz.fr\/dsden55\/wp-content\/uploads\/2022\/04\/Administration_medicaments.pdf\" target=\"_blank\" rel=\"noopener\">Fiche 3 : Administration m\u00e9dicaments<\/a><\/div><\/td>\n<\/tr>\n<tr class=\"row-6\">\n\t<td class=\"column-1\"><div align=\"center\"><strong>Maladies transmissibles en milieu scolaire<\/strong><\/div><\/td><td colspan=\"3\" class=\"column-2\"><div align=\"center\"><a href=\"https:\/\/sites.ac-nancy-metz.fr\/dsden55\/wp-content\/uploads\/2026\/01\/Guide-pratique-Directeurs-Meuse.pdf\" target=\"_blank\" rel=\"noopener\">Guide pratique PSFE DSDEN 55 (nov 2025)<\/a><\/div><\/td>\n<\/tr>\n<tr class=\"row-7\">\n\t<td class=\"column-1\"><div align=\"center\"><strong>Projet d'Accueil Individualis\u00e9 (PAI)<\/strong><\/div><\/td><td class=\"column-2\"><div align=\"center\"><a href=\"https:\/\/sites.ac-nancy-metz.fr\/dsden55\/wp-content\/uploads\/2022\/09\/PAI-Recapitulatif-nouvelle-circulaire-du-10-fevrier-2021-1.pdf\" target=\"_blank\" rel=\"noopener\">PAI : r\u00e9capitulatif de la circulaire du 21\/02\/2021<\/a><\/div><\/td><td class=\"column-3\"><div align=\"center\"><a href=\"https:\/\/sites.ac-nancy-metz.fr\/dsden55\/wp-content\/uploads\/2022\/09\/PROTOCOLE-DE-DEMANDE-DE-PAI-a-DESTINATION-DES-PERSONNELS-EN-DSDEN-55.pdf\" target=\"_blank\" rel=\"noopener\">Protocole de demande de PAI<\/a><\/div><\/td><td class=\"column-4\"><div align=\"center\"><a href=\"https:\/\/sites.ac-nancy-metz.fr\/dsden55\/wp-content\/uploads\/2022\/09\/COURRIER-DIRECTEUR-PAI-Renouvellement.pdf\" target=\"_blank\" rel=\"noopener\">Mod\u00e8le de courrier directeur renouvellement PAI<\/a><\/div><\/td>\n<\/tr>\n<tr class=\"row-8\">\n\t<td class=\"column-1\"><div align=\"center\"><strong>Accompagnement p\u00e9dagogique <br \/>\n\u00e0 domicile, \u00e0 l\u2019h\u00f4pital ou \u00e0 l\u2019\u00c9cole (APADHE)- PEP 55<\/strong><\/div><\/td><td colspan=\"2\" class=\"column-2\"><div align=\"center\"><a href=\"https:\/\/sites.ac-nancy-metz.fr\/dsden55\/wp-content\/uploads\/2023\/10\/SCHEMA-DU-DEROULEMENT-APADhe.pdf\" target=\"_blank\" rel=\"noopener\">Sch\u00e9ma du d\u00e9roulement d'une d\u00e9marche APADhe<\/a><\/div><\/td><td class=\"column-4\"><div align=\"center\"><a href=\"https:\/\/sites.ac-nancy-metz.fr\/dsden55\/wp-content\/uploads\/FORMULAIRE-DE-DEMANDE-APADhe-2025-2026.pdf\" target=\"_blank\" rel=\"noopener\">Formulaire de demande APADhe<\/a><\/div><\/td>\n<\/tr>\n<tr class=\"row-9\">\n\t<td class=\"column-1\"><div align=\"center\"><strong>CMS de BAR LE DUC : secteur d'\u00e9coles et infos<\/strong><\/div><\/td><td colspan=\"3\" class=\"column-2\"><div align=\"center\"><a href=\"https:\/\/sites.ac-nancy-metz.fr\/dsden55\/wp-content\/uploads\/3-CMS-BAR-LE-DUC-ECOLES-1er-DEGRE-SECTEUR-DT-DEVILLE-2025-2026.pdf\" target=\"_blank\" rel=\"noopener\">T\u00e9l\u00e9charger la fiche<\/a><\/div><\/td>\n<\/tr>\n<tr class=\"row-10\">\n\t<td class=\"column-1\"><div align=\"center\"><strong>CMS de COMMERCY : secteur d'\u00e9coles et infos<\/strong><\/div><\/td><td colspan=\"3\" class=\"column-2\"><div align=\"center\"><a href=\"https:\/\/sites.ac-nancy-metz.fr\/dsden55\/wp-content\/uploads\/4-CMS-COMMERCY-ECOLES-1er-DEGRE-SECTEUR-DT-PINELLI-2025-2026-1.pdf\" target=\"_blank\" rel=\"noopener\">T\u00e9l\u00e9charger la fiche<\/a><\/div><\/td>\n<\/tr>\n<tr class=\"row-11\">\n\t<td class=\"column-1\"><div align=\"center\"><strong>CMS de STENAY : secteur d'\u00e9coles et infos<\/strong><\/div><\/td><td colspan=\"3\" class=\"column-2\"><div align=\"center\"><a href=\"https:\/\/sites.ac-nancy-metz.fr\/dsden55\/wp-content\/uploads\/6-CMS-STENAY-ECOLES-1er-DEGRE-2025-2026-1.pdf\" target=\"_blank\" rel=\"noopener\">T\u00e9l\u00e9charger la fiche<\/a><\/div><\/td>\n<\/tr>\n<tr class=\"row-12\">\n\t<td class=\"column-1\"><div align=\"center\"><strong>CMS de VERDUN : secteur d'\u00e9coles et infos<\/strong><\/div><\/td><td colspan=\"3\" class=\"column-2\"><div align=\"center\"><a href=\"https:\/\/sites.ac-nancy-metz.fr\/dsden55\/wp-content\/uploads\/5-CMS-VERDUN-ECOLES-1er-DEGRE-SECTEUR-DT-CUNG-FAVIER-2025-2026.pdf\" target=\"_blank\" rel=\"noopener\">T\u00e9l\u00e9charger la fiche<\/a><\/div><\/td>\n<\/tr>\n<tr class=\"row-13\">\n\t<td class=\"column-1\"><div align=\"center\"><strong>Annuaire des infirmiers 1er degr\u00e9<\/strong><\/div><\/td><td colspan=\"3\" class=\"column-2\"><div align=\"center\"><a href=\"https:\/\/sites.ac-nancy-metz.fr\/dsden55\/wp-content\/uploads\/1-ANNUAIRE-TELEPHONIQUE-DES-INFIRMIERES-DU-1er-DEGRE-2025-2026.pdf\" target=\"_blank\" rel=\"noopener\">T\u00e9l\u00e9charger l'annuaire<\/a><\/div><\/td>\n<\/tr>\n<tr class=\"row-14\">\n\t<td rowspan=\"4\" class=\"column-1\"><div align=\"center\"><strong>Livret de parcours inclusif LPI<\/strong><\/div><\/td><td class=\"column-2\"><div align=\"center\"><a href=\"https:\/\/eduscol.education.fr\/2506\/le-livret-de-parcours-inclusif-lpi\" target=\"_blank\" rel=\"noopener\">Le LPI (EDUSCOL)<\/a><\/div><\/td><td colspan=\"2\" class=\"column-3\"><div align=\"center\"><a href=\"https:\/\/www.education.gouv.fr\/bo\/21\/Hebdo9\/MENE2104832C.htm\" target=\"_blank\" rel=\"noopener\">Le projet d'accueil individualis\u00e9 : PAI (BO du 10\/02\/2021)<\/a><\/div><\/td>\n<\/tr>\n<tr class=\"row-15\">\n\t<td class=\"column-2\"><div align=\"center\"><a href=\"https:\/\/eduscol.education.fr\/document\/33698\/download\" target=\"_blank\" rel=\"noopener\">LPI : d\u00e9pliant de d\u00e9marrage rapide<\/a><\/div><\/td><td colspan=\"2\" class=\"column-3\"><div align=\"center\"><a href=\"https:\/\/eduscol.education.fr\/858\/les-programmes-personnalises-de-reussite-educative\" target=\"_blank\" rel=\"noopener\">Le programme personnalis\u00e9 de r\u00e9ussite \u00e9ducative : PPRE (EDUSCOL)<\/a><\/div><\/td>\n<\/tr>\n<tr class=\"row-16\">\n\t<td class=\"column-2\"><div align=\"center\"><a href=\"https:\/\/eduscol.education.fr\/document\/33701\/download\" target=\"_blank\" rel=\"noopener\">LPI : proc\u00e9dure pour une premi\u00e8re connexion<\/a><\/div><\/td><td colspan=\"2\" class=\"column-3\"><div align=\"center\"><a href=\"https:\/\/eduscol.education.fr\/1214\/mettre-en-oeuvre-un-plan-d-accompagnement-personnalise\" target=\"_blank\" rel=\"noopener\">Le projet d'accompagnement personnalis\u00e9 : PAP (EDUSCOL)<\/a><\/div><\/td>\n<\/tr>\n<tr class=\"row-17\">\n\t<td class=\"column-2\"><div align=\"center\"><a href=\"https:\/\/eduscol.education.fr\/document\/11897\/download\" target=\"_blank\" rel=\"noopener\">LPI : guide du directeur<\/a><\/div><\/td><td colspan=\"2\" class=\"column-3\"><div align=\"center\"><a href=\"https:\/\/eduscol.education.fr\/1214\/mettre-en-oeuvre-un-plan-d-accompagnement-personnalise\" target=\"_blank\" rel=\"noopener\">Le projet personnalis\u00e9 de scolarisation : PPS (EDUSCOL)<\/a><\/div><\/td>\n<\/tr>\n<tr class=\"row-18\">\n\t<td rowspan=\"3\" class=\"column-1\"><div align=\"center\"><strong>Plan d'Accompagnement Personnalis\u00e9 (PAP) 1er degr\u00e9<\/strong><\/div><\/td><td rowspan=\"3\" class=\"column-2\"><div align=\"center\"><a href=\"https:\/\/sites.ac-nancy-metz.fr\/dsden55\/wp-content\/uploads\/2023\/10\/Protocole-departemental-PAP-1er-degre.pdf\" target=\"_blank\" rel=\"noopener\">Protocole d\u00e9partemental PAP 1er degr\u00e9<\/a><\/div><\/td><td colspan=\"2\" class=\"column-3\"><div align=\"center\"><a href=\"https:\/\/sites.ac-nancy-metz.fr\/dsden55\/wp-content\/uploads\/2023\/10\/Annexe-1-DEMANDE-DEXAMENS-PAP-1er-degre-1.pdf\" target=\"_blank\" rel=\"noopener\">ANNEXE 1 : demande d'examen du PAP<\/a><\/div><\/td>\n<\/tr>\n<tr class=\"row-19\">\n\t<td colspan=\"2\" class=\"column-3\"><div align=\"center\"><a href=\"https:\/\/sites.ac-nancy-metz.fr\/dsden55\/wp-content\/uploads\/2023\/10\/Annexe-2-INFORMATIONS-PEDAGOGIQUES-PAP-1er-degre-1.pdf\" target=\"_blank\" rel=\"noopener\">ANNEXE 2 : informations p\u00e9dagogiques du PAP<\/a><\/div><\/td>\n<\/tr>\n<tr class=\"row-20\">\n\t<td colspan=\"2\" class=\"column-3\"><div align=\"center\"><a href=\"https:\/\/sites.ac-nancy-metz.fr\/dsden55\/wp-content\/uploads\/2023\/10\/Annexe-3-FORMULAIRE-DE-DEMANDE-DE-PAP-1er-degre-1.pdf\" target=\"_blank\" rel=\"noopener\">ANNEXE 3 : formulaire de demande de PAP<\/a><\/div><\/td>\n<\/tr>\n<tr class=\"row-21\">\n\t<td class=\"column-1\"><div align=\"center\"><strong>Projet personnalis\u00e9 de scolaristion (PPS)<\/strong><\/div><\/td><td class=\"column-2\"><\/td><td class=\"column-3\"><div align=\"center\"><a href=\"https:\/\/sites.ac-nancy-metz.fr\/dsden55\/wp-content\/uploads\/2022\/09\/MOPPS-modifiable_maternelle-1.pdf\" target=\"_blank\" rel=\"noopener\">Document modifiable de mise en oeuvre du PPS \u00e0 l'\u00e9cole maternelle<\/a><\/div><\/td><td class=\"column-4\"><div align=\"center\"><a href=\"https:\/\/sites.ac-nancy-metz.fr\/dsden55\/wp-content\/uploads\/2022\/09\/MOPPS-modifiable_elementaire-1.pdf\" target=\"_blank\" rel=\"noopener\">Document modifiable de mise en oeuvre du PPS \u00e0 l'\u00e9cole \u00e9l\u00e9mentaire<\/a><\/div><\/td>\n<\/tr>\n<tr class=\"row-22\">\n\t<td class=\"column-1\"><div align=\"center\"><strong>Service public de l'\u00e9cole inclusive (SPEI)<\/strong><\/div><\/td><td colspan=\"3\" class=\"column-2\"><div align=\"center\"><a href=\"https:\/\/sites.ac-nancy-metz.fr\/dsden55\/wp-content\/uploads\/2022\/09\/documents-SEI.zip\" target=\"_blank\" rel=\"noopener\">SPEI : dossier zipp\u00e9 regroupant les 9 documents administratifs de rentr\u00e9e utiles au cours de l'ann\u00e9e 2022-2023 <\/a><\/div><\/td>\n<\/tr>\n<tr class=\"row-23\">\n\t<td class=\"column-1\"><div align=\"center\"><strong>Accident scolaire<\/strong><\/div><\/td><td class=\"column-2\"><div align =\"center\"><a href=\"http:\/\/www.education.gouv.fr\/cid49596\/mene0915926c.html\" target=\"blank\" rel=\"noopener\">Circulaire<\/a><\/div><\/td><td class=\"column-3\"><div align=\"center\"><a href=\"https:\/\/sites.ac-nancy-metz.fr\/dsden55\/wp-content\/uploads\/2024\/10\/Formulaire-declaration-accident-scolaire.docx\" target=\"_blank\" rel=\"noopener\">Formulaire de d\u00e9claration d'accident<\/a><\/td><td class=\"column-4\"><div align=\"center\"><a href=\"https:\/\/sites.ac-nancy-metz.fr\/dsden55\/wp-content\/uploads\/2022\/04\/declaration_base_nationale_accident_1er_degre.pdf\" target=\"_blank\" rel=\"noopener\">Formulaire de d\u00e9claration \u00e0 la base nationale \"accident scolaire 1er degr\u00e9\"<\/div><\/td>\n<\/tr>\n<tr class=\"row-24\">\n\t<td class=\"column-1\"><div align=\"center\"><strong>Accident de service, de travail ou de trajet<\/strong><\/div><\/td><td colspan=\"3\" class=\"column-2\"><div align=\"center\"><a href=\"https:\/\/partage.ac-nancy-metz.fr\/jcms\/prod3_9880814\/fr\/nouveau-formulaire-colibris-pour-declarer-un-accident\" target=\"_blank\" rel=\"noopener\">Partage (15\/09\/2025) <\/a><\/div><\/td>\n<\/tr>\n<tr class=\"row-25\">\n\t<td colspan=\"4\" class=\"column-1\"><div align=\"center\"><strong>PROTECTION<\/div><\/strong><\/td>\n<\/tr>\n<tr class=\"row-26\">\n\t<td class=\"column-1\"><div align=\"center\"><strong>Protocole de gestion de crise<\/strong><\/div><div align=\"center\">(Lutte contre le harc\u00e8lement \u00e0 l'\u00e9cole )<\/td><td colspan=\"3\" class=\"column-2\"><div align=\"center\"><a href=\"https:\/\/sites.ac-nancy-metz.fr\/dsden55\/wp-content\/uploads\/2025\/12\/Protocole-de-gestion-de-crise-55.docx\" rel=\"noopener\" target=\"_blank\">t\u00e9l\u00e9chargement du document au format docx<\/a><\/div><\/td>\n<\/tr>\n<tr class=\"row-27\">\n\t<td class=\"column-1\"><div align=\"center\"><strong>Annuaire service social en faveur des \u00e9l\u00e8ves - DSDEN 55<\/strong><\/div><\/td><td colspan=\"3\" class=\"column-2\"><div align=\"center\"><a href=\"https:\/\/sites.ac-nancy-metz.fr\/dsden55\/wp-content\/uploads\/Organigramme-SSFE55-25-26.pdf\" target=\"_blank\" rel=\"noopener\">Lien vers l'annuaire<\/a><\/div><\/td>\n<\/tr>\n<tr class=\"row-28\">\n\t<td class=\"column-1\"><div align=\"center\"><strong>Protection de l'enfance<br \/>\nInformation pr\u00e9occupante (IP)<\/strong><\/div><\/td><td class=\"column-2\"><div align=\"center\"><a href=\"https:\/\/eduscol.education.fr\/1013\/enfants-en-danger-comment-les-reperer-que-faire\" rel=\"noopener\" target=\"_blank\">EDUSCOL<\/a><\/div><\/td><td colspan=\"2\" class=\"column-3\"><div align=\"center\"><a href=\"https:\/\/partage.ac-nancy-metz.fr\/jcms\/prod2_9881531\/fr\/dsden55-procedure-de-transmission-d-une-ip-information-preoccupante-et-d-un-signalement-dans-le-cadre-de-la-protection-de-l-enfance-2025-2026?preview=true&amp;stateChanged=true\" rel=\"noopener\" target=\"_blank\">Proc\u00e9dure d\u00e9partementale<\/a><\/div><\/td>\n<\/tr>\n<tr class=\"row-29\">\n\t<td class=\"column-1\"><div align=\"center\"><strong>Protocole de sant\u00e9 mentale <\/strong><\/div><div align=\"center\">(Mise en oeuvre : du rep\u00e9rage \u00e0 la prise en charge)<\/td><td class=\"column-2\"><div align=\"center\"><a href=\"https:\/\/eduscol.education.fr\/4063\/agir-pour-favoriser-la-sante-mentale-et-le-bien-etre-des-eleves\" rel=\"noopener\" target=\"_blank\">EDUSCOL<\/a><\/div><\/td><td class=\"column-3\"><div align=\"center\"><a href=\"https:\/\/sites.ac-nancy-metz.fr\/dsden55\/wp-content\/uploads\/2025\/05\/Annexe-1-Protocole-en-sante-mentale.docx\" rel=\"noopener\" target=\"_blank\">Protocole Sant\u00e9 mentale \u00e9cole (version modifiable)<\/a><\/div><\/td><td class=\"column-4\"><div align=\"center\"><a href=\"https:\/\/sites.ac-nancy-metz.fr\/dsden55\/wp-content\/uploads\/2025\/05\/Annexe-2_ARBRE-decisionnel-sante-mentale-pHARe-20112025.pdf\" rel=\"noopener\" target=\"_blank\">Protocole Sant\u00e9 mentale 55 - Arbre d\u00e9cisionnel <\/a><\/div><\/td>\n<\/tr>\n<tr class=\"row-30\">\n\t<td class=\"column-1\"><div align=\"center\"><strong>Protocole Phare <\/strong><\/div><div align=\"center\">(Lutte contre le harc\u00e8lement \u00e0 l'\u00e9cole )<\/td><td class=\"column-2\"><div align=\"center\"><a href=\"https:\/\/www.education.gouv.fr\/non-au-harcelement\/phare-un-programme-de-lutte-contre-le-harcelement-l-ecole-323435\" rel=\"noopener\" target=\"_blank\">Programme national<\/a><\/div><\/td><td colspan=\"2\" class=\"column-3\"><div align=\"center\"><a href=\"https:\/\/sites.ac-nancy-metz.fr\/dsden55\/wp-content\/uploads\/2025\/05\/Annexe-4-Protocole-pHARe-departemental-Nov-2025.pdf\" rel=\"noopener\" target=\"_blank\">Protocole d\u00e9partemental (version pdf)<\/a><br \/>\n<div align=\"center\"><a href=\"https:\/\/sites.ac-nancy-metz.fr\/dsden55\/wp-content\/uploads\/2025\/11\/Annexe-4-Protocole-pHARe-departemental-Nov-2025.docx\" rel=\"noopener\" target=\"_blank\">Protocole d\u00e9partemental (version modifiable)<\/a><\/div><\/td>\n<\/tr>\n<\/tbody>\n<\/table>\n<!-- #tablepress-10 from cache -->\n","protected":false},"excerpt":{"rendered":"<div class=\"mh-excerpt\"><\/div>","protected":false},"author":1,"featured_media":2611,"parent":0,"menu_order":0,"comment_status":"closed","ping_status":"closed","template":"template-full.php","meta":{"_acf_changed":false,"_vp_format_video_url":"","_vp_image_focal_point":[],"footnotes":""},"class_list":["post-3498","page","type-page","status-publish","has-post-thumbnail","hentry"],"acf":[],"jetpack_sharing_enabled":true,"_links":{"self":[{"href":"https:\/\/sites.ac-nancy-metz.fr\/dsden55\/index.php?rest_route=\/wp\/v2\/pages\/3498","targetHints":{"allow":["GET"]}}],"collection":[{"href":"https:\/\/sites.ac-nancy-metz.fr\/dsden55\/index.php?rest_route=\/wp\/v2\/pages"}],"about":[{"href":"https:\/\/sites.ac-nancy-metz.fr\/dsden55\/index.php?rest_route=\/wp\/v2\/types\/page"}],"author":[{"embeddable":true,"href":"https:\/\/sites.ac-nancy-metz.fr\/dsden55\/index.php?rest_route=\/wp\/v2\/users\/1"}],"replies":[{"embeddable":true,"href":"https:\/\/sites.ac-nancy-metz.fr\/dsden55\/index.php?rest_route=%2Fwp%2Fv2%2Fcomments&post=3498"}],"version-history":[{"count":4,"href":"https:\/\/sites.ac-nancy-metz.fr\/dsden55\/index.php?rest_route=\/wp\/v2\/pages\/3498\/revisions"}],"predecessor-version":[{"id":6515,"href":"https:\/\/sites.ac-nancy-metz.fr\/dsden55\/index.php?rest_route=\/wp\/v2\/pages\/3498\/revisions\/6515"}],"wp:featuredmedia":[{"embeddable":true,"href":"https:\/\/sites.ac-nancy-metz.fr\/dsden55\/index.php?rest_route=\/wp\/v2\/media\/2611"}],"wp:attachment":[{"href":"https:\/\/sites.ac-nancy-metz.fr\/dsden55\/index.php?rest_route=%2Fwp%2Fv2%2Fmedia&parent=3498"}],"curies":[{"name":"wp","href":"https:\/\/api.w.org\/{rel}","templated":true}]}}