{"id":5833,"date":"2025-03-19T09:19:07","date_gmt":"2025-03-19T08:19:07","guid":{"rendered":"https:\/\/sites.ac-nancy-metz.fr\/dsden55\/?page_id=5833"},"modified":"2025-06-17T13:53:53","modified_gmt":"2025-06-17T11:53:53","slug":"ressources-utiles-pour-la-maternelle","status":"publish","type":"page","link":"https:\/\/sites.ac-nancy-metz.fr\/dsden55\/?page_id=5833","title":{"rendered":"Ressources utiles pour la Maternelle"},"content":{"rendered":"\n<h2 class=\"wp-block-heading\">Math\u00e9matiques<\/h2>\n\n\n\n<ul class=\"wp-block-list\">\n<li><a href=\"https:\/\/sites.ac-nancy-metz.fr\/dsden55\/wp-content\/uploads\/2025\/03\/note_csen_-les-motifs-organises-2023.pdf\" target=\"_blank\" rel=\"noreferrer noopener\"><em>Les motifs organis\u00e9s, source d\u2019\u00e9veil aux math\u00e9matiques en Maternelle<\/em> \u2013 CSEN<\/a> ( Ce document permet de comprendre pourquoi le travail sur les motifs organis\u00e9s permet une meilleure r\u00e9ussite en alg\u00e8bre en \u00e9l\u00e9mentaire).<\/li>\n\n\n\n<li><a href=\"https:\/\/sites.ac-nancy-metz.fr\/dsden55\/wp-content\/uploads\/2025\/03\/Fiche-de-prep-resol-de-prob-situation-additive-objets-figuratifs-PS-1-1.pdf\" target=\"_blank\" rel=\"noreferrer noopener\">Fiche de pr\u00e9paration r\u00e9solution de probl\u00e8me en PS \u2013 Situation additive avec objets figuratifs<\/a><\/li>\n\n\n\n<li><a href=\"https:\/\/sites.ac-nancy-metz.fr\/dsden55\/wp-content\/uploads\/2025\/03\/Fiche-de-prep-resol-de-prob-situation-additive-utilisation-des-doigts-PS-1.pdf\" target=\"_blank\" rel=\"noreferrer noopener\">Fiche de pr\u00e9paration r\u00e9solution de probl\u00e8me en PS \u2013 Situation additive avec utilisation des doigts<\/a><\/li>\n\n\n\n<li><a href=\"https:\/\/digipad.app\/p\/410778\/b643fecce98a1\"><strong>R\u00e9solution de probl\u00e8mes en anglais \u2013 cycle 1 (mais aussi cycles 2 et 3) \u2013 Digipad \u00ab&nbsp;M@ths en-vie&nbsp;\u00bb<\/strong><\/a><\/li>\n\n\n\n<li><\/li>\n<\/ul>\n\n\n\n<h2 class=\"wp-block-heading\">Langage<\/h2>\n\n\n\n<ul class=\"wp-block-list\">\n<li><a href=\"https:\/\/digipad.app\/p\/402767\/8402aca29cd9\" target=\"_blank\" rel=\"noreferrer noopener\">Espaces \u00e0 sc\u00e9nario et vocabulaire &#8211; Padlet<\/a><\/li>\n\n\n\n<li><a href=\"https:\/\/sites.ac-nancy-metz.fr\/dsden55\/wp-content\/uploads\/2025\/05\/Dictee-a-ladulte-Eduscol.pdf\" target=\"_blank\" rel=\"noreferrer noopener\">Dict\u00e9e \u00e0 l&rsquo;adulte &#8211; Ressource Eduscol<\/a><\/li>\n\n\n\n<li><a href=\"https:\/\/sites.ac-nancy-metz.fr\/dsden55\/wp-content\/uploads\/2025\/05\/Ress_c1_langage_litterature_pratiques_culturelles.pdf\" target=\"_blank\" rel=\"noreferrer noopener\">La litt\u00e9rature de jeunesse au cycle 1 (Choix des ouvrages, espace lecture dans sa classe, &#8230;)<\/a><\/li>\n<\/ul>\n\n\n\n<h2 class=\"wp-block-heading\">Sciences<\/h2>\n\n\n\n<ul class=\"wp-block-list\">\n<li>en construction&#8230;<\/li>\n<\/ul>\n\n\n\n<p><\/p>\n\n\n\n<h2 class=\"wp-block-heading\">Eveil aux langues<\/h2>\n\n\n\n<ul class=\"wp-block-list\">\n<li><a href=\"https:\/\/padlet.com\/mforveil\/d71das2imcdtr5se\" target=\"_blank\" rel=\"noreferrer noopener\">Eveil aux langues &#8211; Padlet <\/a><\/li>\n<\/ul>\n\n\n\n<p><\/p>\n\n\n\n<h2 class=\"wp-block-heading\">Agir, s&rsquo;exprimer, comprendre \u00e0 travers les activit\u00e9s sportives<\/h2>\n\n\n\n<ul class=\"wp-block-list\">\n<li><a href=\"https:\/\/sites.ac-nancy-metz.fr\/dsden55\/wp-content\/uploads\/2025\/03\/elaborer_une_programmation_du_domaine_d_apprentissage_agir_s_exprimer_comprendre_a_travers_l_activite_physique.pdf\" target=\"_blank\" rel=\"noreferrer noopener\">Aide \u00e0 l&rsquo;\u00e9laboration d&rsquo;une programmation<\/a><\/li>\n<\/ul>\n\n\n\n<p><\/p>\n\n\n\n<h2 class=\"wp-block-heading\">Agir, s&rsquo;exprimer, comprendre \u00e0 travers les activit\u00e9s artistiques<\/h2>\n\n\n\n<ul class=\"wp-block-list\">\n<li><strong><a href=\"https:\/\/sites.ac-nancy-metz.fr\/dsden55\/wp-content\/uploads\/2025\/03\/Progression-art-C1-Logo.pdf\" target=\"_blank\" rel=\"noreferrer noopener\">Progression en arts cycle 1 <\/a><\/strong><\/li>\n<\/ul>\n\n\n\n<p><\/p>\n\n\n\n<h2 class=\"wp-block-heading\">Evaluations DEPP <strong>(Direction de l&rsquo;\u00e9valuation, de la prospective et de la performance)<\/strong><\/h2>\n\n\n\n<ul class=\"wp-block-list\">\n<li><a href=\"https:\/\/sites.ac-nancy-metz.fr\/dsden55\/wp-content\/uploads\/2025\/03\/NI-25-03-Panel-petite-section-maternelle-pdfa.pdf\" target=\"_blank\" rel=\"noreferrer noopener\">\u00ab\u00a0En petite section de maternelle, des acquis plus solides pour les \u00e9l\u00e8ves n\u00e9s en d\u00e9but d&rsquo;ann\u00e9e et pour les filles\u00a0\u00bb<\/a><\/li>\n<\/ul>\n\n\n\n<p style=\"font-size:29px\"><strong>Enseignement explicite <\/strong><\/p>\n\n\n\n<ul class=\"wp-block-list\">\n<li><strong><a href=\"https:\/\/sites.ac-nancy-metz.fr\/dsden55\/wp-content\/uploads\/2025\/04\/Fiche-synthese-enseignement-explicite-DSDEN.pdf\" target=\"_blank\" rel=\"noreferrer noopener\">Fiche synth\u00e8se des 5 phases de l&rsquo;enseignement explicite<\/a><\/strong><\/li>\n<\/ul>\n\n\n\n<ul class=\"wp-block-list\">\n<li><strong><a href=\"https:\/\/sites.ac-nancy-metz.fr\/dsden55\/wp-content\/uploads\/2025\/04\/Qu_est-ce_que_l_enseignement_explicite__-1080p.mp4\" target=\"_blank\" rel=\"noreferrer noopener\">Vid\u00e9o du CSEN \u00ab\u00a0Qu&rsquo;est-ce que l&rsquo;enseignement explicite?\u00a0\u00bb<\/a><\/strong><\/li>\n<\/ul>\n\n\n\n<p style=\"font-size:29px\"><strong>Apprendre \u00e0 porter secours <\/strong><\/p>\n\n\n\n<ul class=\"wp-block-list\">\n<li>Guide \u00ab\u00a0<a href=\"https:\/\/sites.ac-nancy-metz.fr\/dsden55\/wp-content\/uploads\/2025\/06\/dgesco_t01_reperes_aps_2022_ver_12_eduscol1-1.pdf\" target=\"_blank\" rel=\"noreferrer noopener\">Apprendre \u00e0 porter secours<\/a>\u00a0\u00bb cycles 1,2,3<\/li>\n<\/ul>\n\n\n\n<ul class=\"wp-block-list\">\n<li><a href=\"https:\/\/www.mae.fr\/article\/outils-prevention\/01-06-2022\/le-club-des-enqueteurs_2461.html\">Le club des enqu\u00eateurs<\/a> est un outil p\u00e9dagogique interactif destin\u00e9 \u00e0 identifier les risques de la vie courante afin de pouvoir se prot\u00e9ger et agir de mani\u00e8re appropri\u00e9e d\u00e8s la maternelle. Il s&rsquo;adresse aux \u00e9l\u00e8ves de 3 \u00e0 11 ans.<\/li>\n<\/ul>\n\n\n\n<ul class=\"wp-block-list\">\n<li><a href=\"https:\/\/sites.ac-nancy-metz.fr\/dsden55\/wp-content\/uploads\/2025\/06\/Fiche_pedagogique_identifier_danger_cycle_1.pdf\" target=\"_blank\" rel=\"noreferrer noopener\">S\u00e9quence p\u00e9dagogique cycle 1 \u00ab\u00a0Identifier le danger pour pr\u00e9venir le risque\u00a0\u00bb <\/a><\/li>\n\n\n\n<li>L&rsquo; <a href=\"https:\/\/annexe.prevention-maif.fr\/imagier-du-risque\/\" target=\"_blank\" rel=\"noreferrer noopener\">imagier du risque<\/a><\/li>\n\n\n\n<li><a href=\"https:\/\/sites.ac-nancy-metz.fr\/dsden55\/wp-content\/uploads\/2025\/06\/L_eleve_se_protege_et_protege_autrui_seance_1.pdf\" target=\"_blank\" rel=\"noreferrer noopener\">L&rsquo;\u00e9l\u00e8ve se prot\u00e8ge et prot\u00e8ge autrui<\/a>, cycles 1, 2, 3<\/li>\n\n\n\n<li><a href=\"https:\/\/sites.ac-nancy-metz.fr\/dsden55\/wp-content\/uploads\/2025\/06\/La_malle_aux_dangers.pdf\" target=\"_blank\" rel=\"noreferrer noopener\">La malle aux dangers<\/a>, cycles 1 et 2<\/li>\n<\/ul>\n\n\n\n<div class=\"wp-block-columns is-layout-flex wp-container-core-columns-is-layout-9d6595d7 wp-block-columns-is-layout-flex\">\n<div class=\"wp-block-column is-layout-flow wp-block-column-is-layout-flow\" style=\"flex-basis:100%\">\n<div class=\"wp-block-columns is-layout-flex wp-container-core-columns-is-layout-9d6595d7 wp-block-columns-is-layout-flex\">\n<div class=\"wp-block-column is-layout-flow wp-block-column-is-layout-flow\" style=\"flex-basis:100%\"><div class=\"wp-block-image is-style-rounded\">\n<figure class=\"aligncenter size-full is-resized\"><noscript><img loading=\"lazy\" decoding=\"async\" width=\"503\" height=\"482\" data-skip-lazy src=\"https:\/\/sites.ac-nancy-metz.fr\/dsden55\/wp-content\/uploads\/2025\/06\/Les-gestes-qui-sauvent.png\" alt=\"\" class=\"wp-image-6817\" style=\"width:229px;height:auto\" srcset=\"https:\/\/sites.ac-nancy-metz.fr\/dsden55\/wp-content\/uploads\/2025\/06\/Les-gestes-qui-sauvent.png 503w, https:\/\/sites.ac-nancy-metz.fr\/dsden55\/wp-content\/uploads\/2025\/06\/Les-gestes-qui-sauvent-300x287.png 300w, https:\/\/sites.ac-nancy-metz.fr\/dsden55\/wp-content\/uploads\/2025\/06\/Les-gestes-qui-sauvent-50x48.png 50w, https:\/\/sites.ac-nancy-metz.fr\/dsden55\/wp-content\/uploads\/2025\/06\/Les-gestes-qui-sauvent-500x479.png 500w\" sizes=\"auto, (max-width: 503px) 100vw, 503px\" \/><\/noscript><img loading=\"eager\" decoding=\"async\" width=\"503\" height=\"482\" src=\"https:\/\/sites.ac-nancy-metz.fr\/dsden55\/wp-content\/uploads\/2025\/06\/Les-gestes-qui-sauvent.png\" alt class=\"wp-image-6817 vp-lazyload\" style=\"width:229px;height:auto\" srcset=\"data:image\/svg+xml;base64,PHN2ZyB3aWR0aD0iNTAzIiBoZWlnaHQ9IjQ4MiIgdmlld0JveD0iMCAwIDUwMyA0ODIiIGZpbGw9Im5vbmUiIHhtbG5zPSJodHRwOi8vd3d3LnczLm9yZy8yMDAwL3N2ZyI+PC9zdmc+\" data-src=\"https:\/\/sites.ac-nancy-metz.fr\/dsden55\/wp-content\/uploads\/2025\/06\/Les-gestes-qui-sauvent.png\" data-srcset=\"https:\/\/sites.ac-nancy-metz.fr\/dsden55\/wp-content\/uploads\/2025\/06\/Les-gestes-qui-sauvent.png 503w, https:\/\/sites.ac-nancy-metz.fr\/dsden55\/wp-content\/uploads\/2025\/06\/Les-gestes-qui-sauvent-300x287.png 300w, https:\/\/sites.ac-nancy-metz.fr\/dsden55\/wp-content\/uploads\/2025\/06\/Les-gestes-qui-sauvent-50x48.png 50w, https:\/\/sites.ac-nancy-metz.fr\/dsden55\/wp-content\/uploads\/2025\/06\/Les-gestes-qui-sauvent-500x479.png 500w\" data-sizes=\"auto\"><\/figure>\n<\/div><\/div>\n<\/div>\n<\/div>\n<\/div>\n","protected":false},"excerpt":{"rendered":"<div class=\"mh-excerpt\"><p>Math\u00e9matiques Langage Sciences Eveil aux langues Agir, s&rsquo;exprimer, comprendre \u00e0 travers les activit\u00e9s sportives Agir, s&rsquo;exprimer, comprendre \u00e0 travers les activit\u00e9s artistiques Evaluations DEPP (Direction <a class=\"mh-excerpt-more\" href=\"https:\/\/sites.ac-nancy-metz.fr\/dsden55\/?page_id=5833\" title=\"Ressources utiles pour la Maternelle\">[&#8230;]<\/a><\/p>\n<\/div>","protected":false},"author":21,"featured_media":0,"parent":0,"menu_order":0,"comment_status":"closed","ping_status":"closed","template":"","meta":{"_acf_changed":false,"_vp_format_video_url":"","_vp_image_focal_point":[],"footnotes":""},"class_list":["post-5833","page","type-page","status-publish","hentry"],"acf":[],"jetpack_sharing_enabled":true,"_links":{"self":[{"href":"https:\/\/sites.ac-nancy-metz.fr\/dsden55\/index.php?rest_route=\/wp\/v2\/pages\/5833","targetHints":{"allow":["GET"]}}],"collection":[{"href":"https:\/\/sites.ac-nancy-metz.fr\/dsden55\/index.php?rest_route=\/wp\/v2\/pages"}],"about":[{"href":"https:\/\/sites.ac-nancy-metz.fr\/dsden55\/index.php?rest_route=\/wp\/v2\/types\/page"}],"author":[{"embeddable":true,"href":"https:\/\/sites.ac-nancy-metz.fr\/dsden55\/index.php?rest_route=\/wp\/v2\/users\/21"}],"replies":[{"embeddable":true,"href":"https:\/\/sites.ac-nancy-metz.fr\/dsden55\/index.php?rest_route=%2Fwp%2Fv2%2Fcomments&post=5833"}],"version-history":[{"count":39,"href":"https:\/\/sites.ac-nancy-metz.fr\/dsden55\/index.php?rest_route=\/wp\/v2\/pages\/5833\/revisions"}],"predecessor-version":[{"id":6820,"href":"https:\/\/sites.ac-nancy-metz.fr\/dsden55\/index.php?rest_route=\/wp\/v2\/pages\/5833\/revisions\/6820"}],"wp:attachment":[{"href":"https:\/\/sites.ac-nancy-metz.fr\/dsden55\/index.php?rest_route=%2Fwp%2Fv2%2Fmedia&parent=5833"}],"curies":[{"name":"wp","href":"https:\/\/api.w.org\/{rel}","templated":true}]}}