{"id":5952,"date":"2025-03-25T22:44:03","date_gmt":"2025-03-25T21:44:03","guid":{"rendered":"https:\/\/sites.ac-nancy-metz.fr\/dsden55\/?page_id=5952"},"modified":"2026-02-11T13:10:14","modified_gmt":"2026-02-11T12:10:14","slug":"le-sommeil-a-la-maternelle","status":"publish","type":"page","link":"https:\/\/sites.ac-nancy-metz.fr\/dsden55\/?page_id=5952","title":{"rendered":"Le sommeil \u00e0 la maternelle"},"content":{"rendered":"<div class=\"wp-block-image\">\n<figure class=\"aligncenter size-large is-resized\"><noscript><img loading=\"lazy\" decoding=\"async\" width=\"1024\" height=\"510\" data-skip-lazy src=\"https:\/\/sites.ac-nancy-metz.fr\/dsden55\/wp-content\/uploads\/2024\/02\/Sieste-1-scaled-1024x510.jpg\" alt=\"\" class=\"wp-image-4767\" style=\"width:225px;height:auto\" srcset=\"https:\/\/sites.ac-nancy-metz.fr\/dsden55\/wp-content\/uploads\/2024\/02\/Sieste-1-scaled-1024x510.jpg 1024w, https:\/\/sites.ac-nancy-metz.fr\/dsden55\/wp-content\/uploads\/2024\/02\/Sieste-1-scaled-300x149.jpg 300w, https:\/\/sites.ac-nancy-metz.fr\/dsden55\/wp-content\/uploads\/2024\/02\/Sieste-1-scaled-768x383.jpg 768w, https:\/\/sites.ac-nancy-metz.fr\/dsden55\/wp-content\/uploads\/2024\/02\/Sieste-1-scaled-1536x765.jpg 1536w, https:\/\/sites.ac-nancy-metz.fr\/dsden55\/wp-content\/uploads\/2024\/02\/Sieste-1-scaled-2048x1020.jpg 2048w, https:\/\/sites.ac-nancy-metz.fr\/dsden55\/wp-content\/uploads\/2024\/02\/Sieste-1-scaled-50x25.jpg 50w, https:\/\/sites.ac-nancy-metz.fr\/dsden55\/wp-content\/uploads\/2024\/02\/Sieste-1-scaled-500x249.jpg 500w, https:\/\/sites.ac-nancy-metz.fr\/dsden55\/wp-content\/uploads\/2024\/02\/Sieste-1-scaled-1000x498.jpg 1000w, https:\/\/sites.ac-nancy-metz.fr\/dsden55\/wp-content\/uploads\/2024\/02\/Sieste-1-scaled-1500x747.jpg 1500w, https:\/\/sites.ac-nancy-metz.fr\/dsden55\/wp-content\/uploads\/2024\/02\/Sieste-1-scaled-800x398.jpg 800w, https:\/\/sites.ac-nancy-metz.fr\/dsden55\/wp-content\/uploads\/2024\/02\/Sieste-1-scaled-1920x956.jpg 1920w, https:\/\/sites.ac-nancy-metz.fr\/dsden55\/wp-content\/uploads\/2024\/02\/Sieste-1-scaled-1320x657.jpg 1320w\" sizes=\"auto, (max-width: 1024px) 100vw, 1024px\" \/><\/noscript><img loading=\"eager\" decoding=\"async\" width=\"1024\" height=\"510\" src=\"https:\/\/sites.ac-nancy-metz.fr\/dsden55\/wp-content\/uploads\/2024\/02\/Sieste-1-scaled-1024x510.jpg\" alt class=\"wp-image-4767 vp-lazyload\" style=\"width:225px;height:auto\" srcset=\"data:image\/svg+xml;base64,PHN2ZyB3aWR0aD0iMTAyNCIgaGVpZ2h0PSI1MTAiIHZpZXdCb3g9IjAgMCAxMDI0IDUxMCIgZmlsbD0ibm9uZSIgeG1sbnM9Imh0dHA6Ly93d3cudzMub3JnLzIwMDAvc3ZnIj48L3N2Zz4=\" data-src=\"https:\/\/sites.ac-nancy-metz.fr\/dsden55\/wp-content\/uploads\/2024\/02\/Sieste-1-scaled-1024x510.jpg\" data-srcset=\"https:\/\/sites.ac-nancy-metz.fr\/dsden55\/wp-content\/uploads\/2024\/02\/Sieste-1-scaled-1024x510.jpg 1024w, https:\/\/sites.ac-nancy-metz.fr\/dsden55\/wp-content\/uploads\/2024\/02\/Sieste-1-scaled-300x149.jpg 300w, https:\/\/sites.ac-nancy-metz.fr\/dsden55\/wp-content\/uploads\/2024\/02\/Sieste-1-scaled-768x383.jpg 768w, https:\/\/sites.ac-nancy-metz.fr\/dsden55\/wp-content\/uploads\/2024\/02\/Sieste-1-scaled-1536x765.jpg 1536w, https:\/\/sites.ac-nancy-metz.fr\/dsden55\/wp-content\/uploads\/2024\/02\/Sieste-1-scaled-2048x1020.jpg 2048w, https:\/\/sites.ac-nancy-metz.fr\/dsden55\/wp-content\/uploads\/2024\/02\/Sieste-1-scaled-50x25.jpg 50w, https:\/\/sites.ac-nancy-metz.fr\/dsden55\/wp-content\/uploads\/2024\/02\/Sieste-1-scaled-500x249.jpg 500w, https:\/\/sites.ac-nancy-metz.fr\/dsden55\/wp-content\/uploads\/2024\/02\/Sieste-1-scaled-1000x498.jpg 1000w, https:\/\/sites.ac-nancy-metz.fr\/dsden55\/wp-content\/uploads\/2024\/02\/Sieste-1-scaled-1500x747.jpg 1500w, https:\/\/sites.ac-nancy-metz.fr\/dsden55\/wp-content\/uploads\/2024\/02\/Sieste-1-scaled-800x398.jpg 800w, https:\/\/sites.ac-nancy-metz.fr\/dsden55\/wp-content\/uploads\/2024\/02\/Sieste-1-scaled-1920x956.jpg 1920w, https:\/\/sites.ac-nancy-metz.fr\/dsden55\/wp-content\/uploads\/2024\/02\/Sieste-1-scaled-1320x657.jpg 1320w\" data-sizes=\"auto\"><\/figure>\n<\/div>\n\n\n<ul class=\"wp-block-list\">\n<li><a href=\"https:\/\/sites.ac-nancy-metz.fr\/dsden55\/?p=7392\"><strong>Bien grandir pour mieux dormir &#8211; s\u00e9quence propos\u00e9e par le GTD maternelle 55<\/strong><\/a><\/li>\n<\/ul>\n\n\n\n<p><\/p>\n\n\n\n<ul class=\"wp-block-list\">\n<li><a href=\"https:\/\/sites.ac-nancy-metz.fr\/dsden55\/wp-content\/uploads\/2025\/03\/La-sieste-comment-accompagner-son-evolution-en-maternelle.pdf\" target=\"_blank\" rel=\"noreferrer noopener\"><strong>La sieste : comment accompagner son \u00e9volution en Maternelle \u2013 CSEN (PDF)<\/strong><\/a><\/li>\n<\/ul>\n\n\n\n<p><\/p>\n\n\n\n<ul class=\"wp-block-list\">\n<li><a href=\"https:\/\/sites.ac-nancy-metz.fr\/dsden55\/wp-content\/uploads\/2024\/02\/CSEN_Synthese_Mieux_dormir_pour_mieux_apprendre.pdf\" target=\"_blank\" rel=\"noreferrer noopener\"><strong>Mieux dormir pour mieux apprendre \u2013 CSEN (PDF)<\/strong><\/a><\/li>\n<\/ul>\n\n\n\n<p><\/p>\n\n\n\n<ul class=\"wp-block-list\">\n<li><strong>Nouveaut\u00e9 <em>:<\/em><\/strong> <strong><a href=\"https:\/\/sites.ac-nancy-metz.fr\/dsden55\/wp-content\/uploads\/2025\/01\/MEN_CSEN_Plaquette_sommeil-DORMIR-APPRENDRE-GRANDIR-ENSEMBLE.pdf\">Plaquette du CSEN \u00ab&nbsp;DORMIR APPRENDRE : GRANDIR ENSEMBLE&nbsp;\u00bb<\/a> \u2013 PDF<\/strong><\/li>\n<\/ul>\n\n\n\n<p><\/p>\n\n\n\n<ul class=\"wp-block-list\">\n<li><a href=\"https:\/\/sites.ac-nancy-metz.fr\/dsden55\/wp-content\/uploads\/2024\/02\/SIESTE-AGEEM-MARS-2023.pdf\" target=\"_blank\" rel=\"noreferrer noopener\"><strong>Le sommeil : un levier pour la r\u00e9ussite de tous les \u00e9l\u00e8ves ! \u2013 AGEEM (PDF)<\/strong><\/a><\/li>\n<\/ul>\n\n\n\n<p><\/p>\n\n\n\n<ul class=\"wp-block-list\">\n<li><a href=\"https:\/\/mallettedesparents.education.gouv.fr\/parents\/ID181\/les-bienfaits-du-sommeil-pour-les-enfants\" target=\"_blank\" rel=\"noreferrer noopener\"><strong>Les bienfaits du sommeil pour les enfants (Mallette des parents)<\/strong><\/a><\/li>\n<\/ul>\n\n\n\n<p><\/p>\n\n\n\n<ul class=\"wp-block-list\">\n<li><a href=\"https:\/\/tube-maternelle.apps.education.fr\/w\/mCiqZjBDTzcwf7W882avVk\"><strong>Conf\u00e9rence de St\u00e9phanie MAZZA \u00ab&nbsp;<em>Le sommeil, un temps <\/em><\/strong><\/a><strong><a href=\"https:\/\/tube-maternelle.apps.education.fr\/w\/mCiqZjBDTzcwf7W882avVk\"><em>n\u00e9cessaire pour les apprentissages<\/em>&nbsp;\u00bb<\/a> Coll\u00e8ge de France 2023<\/strong><\/li>\n<\/ul>\n\n\n\n<ul class=\"wp-block-list\">\n<li><a href=\"https:\/\/sites.ac-nancy-metz.fr\/dsden55\/wp-content\/uploads\/2025\/10\/LA-CONTINENCE-AGEEM-1.pdf\"><strong>L&rsquo;acquisition psychomotrice de la continence<\/strong><\/a><\/li>\n<\/ul>\n\n\n\n<p><\/p>\n\n\n\n<ul class=\"wp-block-list\">\n<li><a href=\"https:\/\/sites.ac-nancy-metz.fr\/dsden55\/wp-content\/uploads\/2025\/11\/Formulaire-derog-assuiduite-scolaire-PS.docx\" target=\"_blank\" rel=\"noreferrer noopener\">Formulaire de demande d&rsquo;am\u00e9nagement de l&rsquo;obligation d&rsquo;assiduit\u00e9 en Petite Section de Maternelle<\/a><\/li>\n<\/ul>\n\n\n\n<p><\/p>\n","protected":false},"excerpt":{"rendered":"<div class=\"mh-excerpt\"><\/div>","protected":false},"author":10,"featured_media":0,"parent":0,"menu_order":0,"comment_status":"closed","ping_status":"closed","template":"","meta":{"_acf_changed":false,"_vp_format_video_url":"","_vp_image_focal_point":[],"footnotes":""},"class_list":["post-5952","page","type-page","status-publish","hentry"],"acf":[],"jetpack_sharing_enabled":true,"_links":{"self":[{"href":"https:\/\/sites.ac-nancy-metz.fr\/dsden55\/index.php?rest_route=\/wp\/v2\/pages\/5952","targetHints":{"allow":["GET"]}}],"collection":[{"href":"https:\/\/sites.ac-nancy-metz.fr\/dsden55\/index.php?rest_route=\/wp\/v2\/pages"}],"about":[{"href":"https:\/\/sites.ac-nancy-metz.fr\/dsden55\/index.php?rest_route=\/wp\/v2\/types\/page"}],"author":[{"embeddable":true,"href":"https:\/\/sites.ac-nancy-metz.fr\/dsden55\/index.php?rest_route=\/wp\/v2\/users\/10"}],"replies":[{"embeddable":true,"href":"https:\/\/sites.ac-nancy-metz.fr\/dsden55\/index.php?rest_route=%2Fwp%2Fv2%2Fcomments&post=5952"}],"version-history":[{"count":8,"href":"https:\/\/sites.ac-nancy-metz.fr\/dsden55\/index.php?rest_route=\/wp\/v2\/pages\/5952\/revisions"}],"predecessor-version":[{"id":7438,"href":"https:\/\/sites.ac-nancy-metz.fr\/dsden55\/index.php?rest_route=\/wp\/v2\/pages\/5952\/revisions\/7438"}],"wp:attachment":[{"href":"https:\/\/sites.ac-nancy-metz.fr\/dsden55\/index.php?rest_route=%2Fwp%2Fv2%2Fmedia&parent=5952"}],"curies":[{"name":"wp","href":"https:\/\/api.w.org\/{rel}","templated":true}]}}