{"id":6038,"date":"2025-03-26T01:00:54","date_gmt":"2025-03-26T00:00:54","guid":{"rendered":"https:\/\/sites.ac-nancy-metz.fr\/dsden55\/?page_id=6038"},"modified":"2025-09-04T14:37:48","modified_gmt":"2025-09-04T12:37:48","slug":"programmes-et-guides-de-la-maternelle","status":"publish","type":"page","link":"https:\/\/sites.ac-nancy-metz.fr\/dsden55\/?page_id=6038","title":{"rendered":""},"content":{"rendered":"\n<h2 class=\"wp-block-heading has-vivid-purple-color has-text-color has-link-color wp-elements-de51e7a53288e9a474695e946e8af1ed\">Circulaire de rentr\u00e9e 2025\/2026 <em>\u00ab\u00a0Tenir la promesse r\u00e9publicaine de l&rsquo;\u00e9cole : \u00e9lever le niveau g\u00e9n\u00e9ral et donner les m\u00eames chances \u00e0 tous.\u00a0\u00bb<\/em><\/h2>\n\n\n\n<p class=\"has-medium-font-size\">Retrouvez <a href=\"https:\/\/eduscol.education.fr\/document\/60364\/download\">ici<\/a><a href=\"https:\/\/sites.ac-nancy-metz.fr\/dsden55\/?page_id=5833\"> <\/a>la circulaire de rentr\u00e9e interactive.<\/p>\n\n\n\n<p class=\"has-medium-font-size\">Retrouver <a href=\"https:\/\/www.education.gouv.fr\/bo\/2025\/Hebdo27\/MENE2518841C\">ici<\/a> la circulaire de rentr\u00e9e en version int\u00e9grale. <\/p>\n\n\n\n<hr class=\"wp-block-separator has-alpha-channel-opacity\"\/>\n\n\n\n<h2 class=\"wp-block-heading\">Nouveaux programmes (rentr\u00e9e 2025)<\/h2>\n\n\n\n<ul class=\"wp-block-list has-vivid-cyan-blue-color has-text-color has-link-color wp-elements-980fbb665b15fd12c32b7df09e90ffe6\">\n<li class=\"has-vivid-cyan-blue-color has-text-color has-link-color wp-elements-42f8b95d7c69abb2e065e3a50a5b2376\"><a href=\"https:\/\/www.education.gouv.fr\/sites\/default\/files\/ensel135_annexe1.pdf\" target=\"_blank\" rel=\"noreferrer noopener\"><strong>Programme d\u2018enseignement pour le d\u00e9veloppement et la structuration du langage oral et \u00e9crit du cycle 1<\/strong><\/a><\/li>\n\n\n\n<li class=\"has-vivid-cyan-blue-color has-text-color has-link-color wp-elements-050d693ef7d238884ad88a8293a24e3a\"><a href=\"https:\/\/www.education.gouv.fr\/sites\/default\/files\/ensel135_annexe2.pdf\" target=\"_blank\" rel=\"noreferrer noopener\"><strong>Programme d\u2019enseignement pour l\u2019acquisition des premiers outils math\u00e9matiques du cycle 1<\/strong><\/a><\/li>\n\n\n\n<li class=\"has-vivid-cyan-blue-color has-text-color has-link-color wp-elements-23bc84a412e6151e2ff4fe78f4308787\"><a href=\"https:\/\/eduscol.education.fr\/document\/61220\/download\"><strong>Education au d\u00e9veloppement durable et \u00e0 la transition \u00e9cologique \u2013 Attendus de fin de cycle 1 \u2013 Octobre 2024<\/strong><\/a><\/li>\n\n\n\n<li><a href=\"https:\/\/sites.ac-nancy-metz.fr\/dsden55\/wp-content\/uploads\/2025\/05\/programme-d-ducation-la-vie-affective-et-relationnelle-l-cole-maternelle-199596.pdf\"><strong>Education \u00e0 la vie affective et relationnelle au cycle 1 (EVAR)<\/strong><\/a>\n<ul class=\"wp-block-list\">\n<li class=\"has-vivid-purple-color has-text-color has-link-color wp-elements-a6f492aee0a6b432a427ae91c9af2560\"><a href=\"https:\/\/sites.ac-nancy-metz.fr\/dsden55\/wp-content\/uploads\/2025\/05\/Ecole-maternelle-le-programme-deducation-a-la-vie-affective-et-relationnelle-Evar.mp4\" target=\"_blank\" rel=\"noreferrer noopener\"><strong>Vid\u00e9o de pr\u00e9sentation EVAR au cycle 1<\/strong><\/a><\/li>\n\n\n\n<li><strong>Livrets d&rsquo;accompagnement <a href=\"https:\/\/sites.ac-nancy-metz.fr\/dsden55\/?p=6764\" target=\"_blank\" rel=\"noreferrer noopener\">ici<\/a><\/strong><\/li>\n<\/ul>\n<\/li>\n<\/ul>\n\n\n\n<h2 class=\"wp-block-heading\">Fiches synth\u00e9tiques des nouveaux programmes<\/h2>\n\n\n\n<ul class=\"wp-block-list has-vivid-cyan-blue-color has-text-color has-link-color wp-elements-1d993b9a0133e44f7407f2afa80cddd9\">\n<li><a href=\"https:\/\/sites.ac-nancy-metz.fr\/dsden55\/?page_id=5689\"><strong>Fiches synth\u00e9tiques des nouveaux programmes<\/strong><\/a><\/li>\n<\/ul>\n\n\n\n<hr class=\"wp-block-separator has-alpha-channel-opacity\"\/>\n\n\n\n<div class=\"wp-block-columns is-layout-flex wp-container-core-columns-is-layout-9d6595d7 wp-block-columns-is-layout-flex\">\n<div class=\"wp-block-column is-layout-flow wp-block-column-is-layout-flow\" style=\"flex-basis:100%\">\n<h2 class=\"wp-block-heading\">Livrets d&rsquo;accompagnement des nouveaux programmes<\/h2>\n<\/div>\n<\/div>\n\n\n\n<p class=\"has-medium-font-size\">Retrouvez <a href=\"https:\/\/sites.ac-nancy-metz.fr\/dsden55\/?p=6764\" target=\"_blank\" rel=\"noreferrer noopener\">ici<\/a><a href=\"https:\/\/sites.ac-nancy-metz.fr\/dsden55\/?page_id=5833\"> <\/a>les livrets d&rsquo;accompagnement des nouveaux programmes<\/p>\n\n\n\n<hr class=\"wp-block-separator has-alpha-channel-opacity is-style-default\"\/>\n\n\n\n<h2 class=\"wp-block-heading\">Guides maternelle Eduscol<\/h2>\n\n\n\n<p class=\"has-medium-font-size\">Retrouvez les guides fondamentaux pour l&rsquo;enseignement en maternelle <a href=\"https:\/\/sites.ac-nancy-metz.fr\/dsden55\/?page_id=4736\">ici<\/a>. <\/p>\n\n\n\n<hr class=\"wp-block-separator has-alpha-channel-opacity is-style-default\"\/>\n\n\n\n<h2 class=\"wp-block-heading\">Autres ressources utiles<\/h2>\n\n\n\n<p class=\"has-medium-font-size\">Retrouvez <a href=\"https:\/\/sites.ac-nancy-metz.fr\/dsden55\/?page_id=5833\">ici <\/a>quelques ressources utiles pour la maternelle, dans les diff\u00e9rents domaines.<\/p>\n\n\n\n<hr class=\"wp-block-separator has-alpha-channel-opacity is-style-wide\"\/>\n\n\n\n<h2 class=\"wp-block-heading\">Plan MATERNELLE<\/h2>\n\n\n<div class=\"wp-block-image\">\n<figure class=\"aligncenter size-full is-resized\"><a href=\"https:\/\/eduscol.education.fr\/608\/ecole-maternelle#summary-item-1\" target=\"_blank\" rel=\" noreferrer noopener\"><noscript><img loading=\"lazy\" decoding=\"async\" width=\"786\" height=\"315\" data-skip-lazy src=\"https:\/\/sites.ac-nancy-metz.fr\/dsden55\/wp-content\/uploads\/2025\/03\/plan-maternelle.jpg\" alt=\"\" class=\"wp-image-6057\" style=\"width:213px;height:auto\" srcset=\"https:\/\/sites.ac-nancy-metz.fr\/dsden55\/wp-content\/uploads\/2025\/03\/plan-maternelle.jpg 786w, https:\/\/sites.ac-nancy-metz.fr\/dsden55\/wp-content\/uploads\/2025\/03\/plan-maternelle-300x120.jpg 300w, https:\/\/sites.ac-nancy-metz.fr\/dsden55\/wp-content\/uploads\/2025\/03\/plan-maternelle-768x308.jpg 768w, https:\/\/sites.ac-nancy-metz.fr\/dsden55\/wp-content\/uploads\/2025\/03\/plan-maternelle-50x20.jpg 50w, https:\/\/sites.ac-nancy-metz.fr\/dsden55\/wp-content\/uploads\/2025\/03\/plan-maternelle-500x200.jpg 500w\" sizes=\"auto, (max-width: 786px) 100vw, 786px\" \/><\/noscript><img loading=\"eager\" decoding=\"async\" width=\"786\" height=\"315\" src=\"https:\/\/sites.ac-nancy-metz.fr\/dsden55\/wp-content\/uploads\/2025\/03\/plan-maternelle.jpg\" alt class=\"wp-image-6057 vp-lazyload\" style=\"width:213px;height:auto\" srcset=\"data:image\/svg+xml;base64,PHN2ZyB3aWR0aD0iNzg2IiBoZWlnaHQ9IjMxNSIgdmlld0JveD0iMCAwIDc4NiAzMTUiIGZpbGw9Im5vbmUiIHhtbG5zPSJodHRwOi8vd3d3LnczLm9yZy8yMDAwL3N2ZyI+PC9zdmc+\" data-src=\"https:\/\/sites.ac-nancy-metz.fr\/dsden55\/wp-content\/uploads\/2025\/03\/plan-maternelle.jpg\" data-srcset=\"https:\/\/sites.ac-nancy-metz.fr\/dsden55\/wp-content\/uploads\/2025\/03\/plan-maternelle.jpg 786w, https:\/\/sites.ac-nancy-metz.fr\/dsden55\/wp-content\/uploads\/2025\/03\/plan-maternelle-300x120.jpg 300w, https:\/\/sites.ac-nancy-metz.fr\/dsden55\/wp-content\/uploads\/2025\/03\/plan-maternelle-768x308.jpg 768w, https:\/\/sites.ac-nancy-metz.fr\/dsden55\/wp-content\/uploads\/2025\/03\/plan-maternelle-50x20.jpg 50w, https:\/\/sites.ac-nancy-metz.fr\/dsden55\/wp-content\/uploads\/2025\/03\/plan-maternelle-500x200.jpg 500w\" data-sizes=\"auto\"><\/a><\/figure>\n<\/div>","protected":false},"excerpt":{"rendered":"<div class=\"mh-excerpt\"><p>Circulaire de rentr\u00e9e 2025\/2026 \u00ab\u00a0Tenir la promesse r\u00e9publicaine de l&rsquo;\u00e9cole : \u00e9lever le niveau g\u00e9n\u00e9ral et donner les m\u00eames chances \u00e0 tous.\u00a0\u00bb Retrouvez ici la <a class=\"mh-excerpt-more\" href=\"https:\/\/sites.ac-nancy-metz.fr\/dsden55\/?page_id=6038\" title=\"\">[&#8230;]<\/a><\/p>\n<\/div>","protected":false},"author":10,"featured_media":0,"parent":0,"menu_order":0,"comment_status":"closed","ping_status":"closed","template":"","meta":{"_acf_changed":false,"_vp_format_video_url":"","_vp_image_focal_point":[],"footnotes":""},"class_list":["post-6038","page","type-page","status-publish","hentry"],"acf":[],"jetpack_sharing_enabled":true,"_links":{"self":[{"href":"https:\/\/sites.ac-nancy-metz.fr\/dsden55\/index.php?rest_route=\/wp\/v2\/pages\/6038","targetHints":{"allow":["GET"]}}],"collection":[{"href":"https:\/\/sites.ac-nancy-metz.fr\/dsden55\/index.php?rest_route=\/wp\/v2\/pages"}],"about":[{"href":"https:\/\/sites.ac-nancy-metz.fr\/dsden55\/index.php?rest_route=\/wp\/v2\/types\/page"}],"author":[{"embeddable":true,"href":"https:\/\/sites.ac-nancy-metz.fr\/dsden55\/index.php?rest_route=\/wp\/v2\/users\/10"}],"replies":[{"embeddable":true,"href":"https:\/\/sites.ac-nancy-metz.fr\/dsden55\/index.php?rest_route=%2Fwp%2Fv2%2Fcomments&post=6038"}],"version-history":[{"count":44,"href":"https:\/\/sites.ac-nancy-metz.fr\/dsden55\/index.php?rest_route=\/wp\/v2\/pages\/6038\/revisions"}],"predecessor-version":[{"id":6934,"href":"https:\/\/sites.ac-nancy-metz.fr\/dsden55\/index.php?rest_route=\/wp\/v2\/pages\/6038\/revisions\/6934"}],"wp:attachment":[{"href":"https:\/\/sites.ac-nancy-metz.fr\/dsden55\/index.php?rest_route=%2Fwp%2Fv2%2Fmedia&parent=6038"}],"curies":[{"name":"wp","href":"https:\/\/api.w.org\/{rel}","templated":true}]}}