{"id":1007,"date":"2026-04-23T11:06:49","date_gmt":"2026-04-23T09:06:49","guid":{"rendered":"https:\/\/sites.ac-nancy-metz.fr\/histoire-des-arts\/?post_type=tribe_events&#038;p=1007"},"modified":"2026-04-23T11:06:49","modified_gmt":"2026-04-23T09:06:49","slug":"presentation-de-louvrage-nancy-site-patrimonial-remarquable","status":"publish","type":"tribe_events","link":"https:\/\/sites.ac-nancy-metz.fr\/histoire-des-arts\/event\/presentation-de-louvrage-nancy-site-patrimonial-remarquable\/","title":{"rendered":"Pr\u00e9sentation de l&rsquo;ouvrage \u00ab\u00a0Nancy, Site patrimonial remarquable\u00a0\u00bb"},"content":{"rendered":"<p><strong>Conf\u00e9rence \u00ab\u00a0Nancy, Site patrimonial remarquable\u00a0\u00bb<\/strong><\/p>\n<p>Cette pr\u00e9sentation de l\u2019ouvrage <em>Nancy, site patrimonial remarquable<\/em>\u00a0publi\u00e9 par la Ville de Nancy et la R\u00e9gion Grand Est aux \u00e9ditions Libel dans la collection nationale \u00ab Images du patrimoines \u00bb pr\u00e9sentera les in\u00e9dits de la recherche men\u00e9e pendant pr\u00e8s de dix ans par la Ville de Nancy et le service Inventaire et patrimoines de la R\u00e9gion Grand Est.<\/p>\n<p>La pr\u00e9sentation sera assur\u00e9e par Martine TRONQUART et Yann VAXELAIRE, co-auteurs de l\u2019ouvrage, et la conf\u00e9rence sera suivie d\u2019une s\u00e9ance de d\u00e9dicace en partenariat avec la Librairie-boutique du mus\u00e9e des Beaux Arts.<\/p>\n","protected":false},"excerpt":{"rendered":"<p>Conf\u00e9rence \u00ab\u00a0Nancy, Site patrimonial remarquable\u00a0\u00bb Cette pr\u00e9sentation de l\u2019ouvrage Nancy, site patrimonial remarquable\u00a0publi\u00e9 par la Ville de Nancy et la R\u00e9gion Grand Est aux \u00e9ditions Libel dans la collection nationale [&hellip;]<\/p>\n","protected":false},"author":2,"featured_media":1008,"template":"","meta":{"_tribe_events_status":"","_tribe_events_status_reason":"","footnotes":""},"tags":[],"tribe_events_cat":[],"class_list":["post-1007","tribe_events","type-tribe_events","status-publish","has-post-thumbnail","hentry"],"_links":{"self":[{"href":"https:\/\/sites.ac-nancy-metz.fr\/histoire-des-arts\/wp-json\/wp\/v2\/tribe_events\/1007","targetHints":{"allow":["GET"]}}],"collection":[{"href":"https:\/\/sites.ac-nancy-metz.fr\/histoire-des-arts\/wp-json\/wp\/v2\/tribe_events"}],"about":[{"href":"https:\/\/sites.ac-nancy-metz.fr\/histoire-des-arts\/wp-json\/wp\/v2\/types\/tribe_events"}],"author":[{"embeddable":true,"href":"https:\/\/sites.ac-nancy-metz.fr\/histoire-des-arts\/wp-json\/wp\/v2\/users\/2"}],"version-history":[{"count":1,"href":"https:\/\/sites.ac-nancy-metz.fr\/histoire-des-arts\/wp-json\/wp\/v2\/tribe_events\/1007\/revisions"}],"predecessor-version":[{"id":1009,"href":"https:\/\/sites.ac-nancy-metz.fr\/histoire-des-arts\/wp-json\/wp\/v2\/tribe_events\/1007\/revisions\/1009"}],"wp:featuredmedia":[{"embeddable":true,"href":"https:\/\/sites.ac-nancy-metz.fr\/histoire-des-arts\/wp-json\/wp\/v2\/media\/1008"}],"wp:attachment":[{"href":"https:\/\/sites.ac-nancy-metz.fr\/histoire-des-arts\/wp-json\/wp\/v2\/media?parent=1007"}],"wp:term":[{"taxonomy":"post_tag","embeddable":true,"href":"https:\/\/sites.ac-nancy-metz.fr\/histoire-des-arts\/wp-json\/wp\/v2\/tags?post=1007"},{"taxonomy":"tribe_events_cat","embeddable":true,"href":"https:\/\/sites.ac-nancy-metz.fr\/histoire-des-arts\/wp-json\/wp\/v2\/tribe_events_cat?post=1007"}],"curies":[{"name":"wp","href":"https:\/\/api.w.org\/{rel}","templated":true}]}}