{"id":6945,"date":"2023-09-01T17:45:47","date_gmt":"2023-09-01T15:45:47","guid":{"rendered":"https:\/\/sites.ac-nancy-metz.fr\/lettres\/?page_id=6945"},"modified":"2025-07-09T16:02:53","modified_gmt":"2025-07-09T14:02:53","slug":"operation-un-livre-pour-les-vacances","status":"publish","type":"page","link":"https:\/\/sites.ac-nancy-metz.fr\/lettres\/operation-un-livre-pour-les-vacances\/","title":{"rendered":"Op\u00e9ration \u00ab\u00a0Un livre pour les vacances\u00a0\u00bb"},"content":{"rendered":"\n<div class=\"wp-block-columns is-layout-flex wp-container-core-columns-is-layout-9d6595d7 wp-block-columns-is-layout-flex\">\n<div class=\"wp-block-column is-layout-flow wp-block-column-is-layout-flow\" style=\"flex-basis:55%\">\n<ul class=\"wp-block-list\">\n<li><a href=\"https:\/\/eduscol.education.fr\/1341\/un-livre-pour-les-vacances\">\u00c9duscol, op\u00e9ration \u00ab\u00a0Un livre pour les vacances\u00a0\u00bb<\/a><\/li>\n<\/ul>\n\n\n\n<p>Comme chaque ann\u00e9e, l\u2019op\u00e9ration \u00ab Un livre pour les vacances \u00bb permet \u00e0 tous les \u00e9coliers de CM2 de recevoir une \u0153uvre de la litt\u00e9rature fran\u00e7aise pour les accompagner durant les vacances d\u2019\u00e9t\u00e9. Pour cette \u00e9dition 2025, les \u00e9l\u00e8ves de CM2 recevront une l&rsquo;\u00e9dition de\u00a0<em><strong>L\u2019Odyss\u00e9e<\/strong><\/em><strong>\u00a0d\u2019Hom\u00e8re, adapt\u00e9e par Murielle Szac et illustr\u00e9e par Catel<\/strong>.<br>Cette \u00e9pop\u00e9e grecque, transmise oralement puis fix\u00e9e par l\u2019\u00e9criture il y a environ 2 800 ans dans un long po\u00e8me attribu\u00e9 \u00e0 Hom\u00e8re, a touch\u00e9, depuis l\u2019Antiquit\u00e9, des g\u00e9n\u00e9rations de lecteurs. Puissant r\u00e9cit du p\u00e9rilleux retour d\u2019Ulysse au pays natal, cette \u0153uvre majeure du patrimoine mondial sera aussi pour les \u00e9l\u00e8ves une invitation au voyage qu\u2019est toute lecture.<\/p>\n\n\n\n<p>Vous trouverez sur <a href=\"https:\/\/eduscol.education.fr\/1341\/un-livre-pour-les-vacances\">\u00e9duscol&nbsp;<\/a>de nombreuses ressources, notamment une interview de l\u2019illustrateur&nbsp; et un fascicule d\u2019accompagnement proposant des pistes p\u00e9dagogiques autour des activit\u00e9s de lecture, d\u2019\u00e9criture, d\u2019oral et d\u2019enrichissement lexical.<\/p>\n<\/div>\n\n\n\n<div class=\"wp-block-column is-layout-flow wp-block-column-is-layout-flow\" style=\"flex-basis:33.33%\">\n<figure class=\"wp-block-image size-full is-resized\"><a href=\"https:\/\/eduscol.education.fr\/1341\/un-livre-pour-les-vacances\"><img loading=\"lazy\" decoding=\"async\" width=\"1080\" height=\"1920\" src=\"https:\/\/sites.ac-nancy-metz.fr\/lettres\/wp-content\/uploads\/2023\/09\/image.png\" alt=\"\" class=\"wp-image-6951\" style=\"width:333px;height:592px\" srcset=\"https:\/\/sites.ac-nancy-metz.fr\/lettres\/wp-content\/uploads\/2023\/09\/image.png 1080w, https:\/\/sites.ac-nancy-metz.fr\/lettres\/wp-content\/uploads\/2023\/09\/image-169x300.png 169w, https:\/\/sites.ac-nancy-metz.fr\/lettres\/wp-content\/uploads\/2023\/09\/image-576x1024.png 576w, https:\/\/sites.ac-nancy-metz.fr\/lettres\/wp-content\/uploads\/2023\/09\/image-768x1365.png 768w, https:\/\/sites.ac-nancy-metz.fr\/lettres\/wp-content\/uploads\/2023\/09\/image-864x1536.png 864w\" sizes=\"auto, (max-width: 1080px) 100vw, 1080px\" \/><\/a><\/figure>\n<\/div>\n<\/div>\n","protected":false},"excerpt":{"rendered":"<p>Comme chaque ann\u00e9e, l\u2019op\u00e9ration \u00ab Un livre pour les vacances \u00bb permet \u00e0 tous les \u00e9coliers de CM2 de recevoir une \u0153uvre de la litt\u00e9rature fran\u00e7aise pour les accompagner durant les vacances d\u2019\u00e9t\u00e9. Pour cette \u00e9dition 2025, les \u00e9l\u00e8ves de CM2 recevront une l&rsquo;\u00e9dition de\u00a0L\u2019Odyss\u00e9e\u00a0d\u2019Hom\u00e8re, adapt\u00e9e par Murielle Szac et illustr\u00e9e par Catel.Cette \u00e9pop\u00e9e grecque, [&hellip;]<\/p>\n","protected":false},"author":1,"featured_media":6890,"parent":0,"menu_order":0,"comment_status":"closed","ping_status":"closed","template":"","meta":{"footnotes":""},"class_list":["post-6945","page","type-page","status-publish","has-post-thumbnail","czr-hentry"],"_links":{"self":[{"href":"https:\/\/sites.ac-nancy-metz.fr\/lettres\/wp-json\/wp\/v2\/pages\/6945","targetHints":{"allow":["GET"]}}],"collection":[{"href":"https:\/\/sites.ac-nancy-metz.fr\/lettres\/wp-json\/wp\/v2\/pages"}],"about":[{"href":"https:\/\/sites.ac-nancy-metz.fr\/lettres\/wp-json\/wp\/v2\/types\/page"}],"author":[{"embeddable":true,"href":"https:\/\/sites.ac-nancy-metz.fr\/lettres\/wp-json\/wp\/v2\/users\/1"}],"replies":[{"embeddable":true,"href":"https:\/\/sites.ac-nancy-metz.fr\/lettres\/wp-json\/wp\/v2\/comments?post=6945"}],"version-history":[{"count":17,"href":"https:\/\/sites.ac-nancy-metz.fr\/lettres\/wp-json\/wp\/v2\/pages\/6945\/revisions"}],"predecessor-version":[{"id":10272,"href":"https:\/\/sites.ac-nancy-metz.fr\/lettres\/wp-json\/wp\/v2\/pages\/6945\/revisions\/10272"}],"wp:featuredmedia":[{"embeddable":true,"href":"https:\/\/sites.ac-nancy-metz.fr\/lettres\/wp-json\/wp\/v2\/media\/6890"}],"wp:attachment":[{"href":"https:\/\/sites.ac-nancy-metz.fr\/lettres\/wp-json\/wp\/v2\/media?parent=6945"}],"curies":[{"name":"wp","href":"https:\/\/api.w.org\/{rel}","templated":true}]}}