{"id":730,"date":"2018-06-17T18:12:28","date_gmt":"2018-06-17T16:12:28","guid":{"rendered":"http:\/\/sites.ac-nancy-metz.fr\/lyc-alfred-mezieres-longwy\/?page_id=730"},"modified":"2018-10-26T16:36:22","modified_gmt":"2018-10-26T14:36:22","slug":"association-sportive","status":"publish","type":"page","link":"https:\/\/sites.ac-nancy-metz.fr\/lyc-alfred-mezieres-longwy\/association-sportive\/","title":{"rendered":"Association sportive"},"content":{"rendered":"<p style=\"text-align: center;\"><span style=\"font-size: 14pt;\"><strong><span style=\"font-family: verdana, geneva, sans-serif; color: #339966;\">L&#8217;association sportive<\/span><\/strong><\/span><\/p>\n<p>&nbsp;<\/p>\n<p><strong><span style=\"color: #339966;\"><a href=\"#UNSS\"><span style=\"font-family: verdana, geneva, sans-serif;\">Pr\u00e9sentation<\/span><\/a><span style=\"font-family: verdana, geneva, sans-serif;\">\u00a0 <img loading=\"lazy\" decoding=\"async\" class=\"alignnone wp-image-1017\" src=\"http:\/\/sites.ac-nancy-metz.fr\/lyc-alfred-mezieres-longwy\/wp-content\/uploads\/2018\/07\/fleche-droite.gif\" alt=\"\" width=\"10\" height=\"15\" \/><\/span><\/span><\/strong><\/p>\n<p><strong><span style=\"font-family: verdana, geneva, sans-serif; color: #339966;\"><a href=\"#hebdo\">Programme hebdomadaire des activit\u00e9s de l\u2019Association Sportive<\/a>\u00a0 <img loading=\"lazy\" decoding=\"async\" class=\"alignnone wp-image-1017\" src=\"http:\/\/sites.ac-nancy-metz.fr\/lyc-alfred-mezieres-longwy\/wp-content\/uploads\/2018\/07\/fleche-droite.gif\" alt=\"\" width=\"10\" height=\"15\" \/><\/span><\/strong><\/p>\n<p><strong><span style=\"font-family: verdana, geneva, sans-serif; color: #339966;\"><a href=\"#competition\">Le programme des comp\u00e9titions du district UNSS de Longwy<\/a>\u00a0 <img loading=\"lazy\" decoding=\"async\" class=\"alignnone wp-image-1017\" src=\"http:\/\/sites.ac-nancy-metz.fr\/lyc-alfred-mezieres-longwy\/wp-content\/uploads\/2018\/07\/fleche-droite.gif\" alt=\"\" width=\"10\" height=\"15\" \/><a id=\"UNSS\"><\/a><\/span><\/strong><\/p>\n<p>&nbsp;<\/p>\n<p><strong><span style=\"color: #339966;\">Pr\u00e9sentation de l\u2019UNSS<\/span><\/strong><\/p>\n<p><span style=\"font-family: verdana, geneva, sans-serif;\">L\u2019UNSS (Union Nationale du Sport Scolaire) est l\u2019organisme qui f\u00e9d\u00e8re toutes les Associations sportives de tous les lyc\u00e9es et coll\u00e8ges de France.<br \/>\n<\/span><span style=\"font-family: verdana, geneva, sans-serif;\">Elle organise toutes les comp\u00e9titions scolaires du niveau d\u00e9partemental jusqu\u2019aux championnats de France.<\/span><\/p>\n<p><strong><span style=\"font-family: verdana, geneva, sans-serif; color: #339966;\">L\u2019Association Sportive<\/span><\/strong><\/p>\n<p><span style=\"font-family: verdana, geneva, sans-serif;\">Chaque \u00e9tablissement scolaire doit avoir une association sportive anim\u00e9e prioritairement par les enseignants en EPS et r\u00e9gie par la loi de 1901.<\/span><\/p>\n<p><span style=\"font-family: verdana, geneva, sans-serif;\">Trois orientations sont possibles\u00a0:<\/span><\/p>\n<ul style=\"list-style-type: disc;\">\n<li><span style=\"font-family: verdana, geneva, sans-serif;\">Pratique d\u2019une activit\u00e9 sportive de loisir qui ne d\u00e9bouche pas sur la comp\u00e9tition mais qui permet \u00e0 l\u2019\u00e9l\u00e8ve d\u2019\u00e9tablir une relation plus ludique avec les activit\u00e9s sportives.<\/span><\/li>\n<li><span style=\"font-family: verdana, geneva, sans-serif;\">Pratique d\u2019une activit\u00e9 comp\u00e9titive pour amener l\u2019\u00e9l\u00e8ve \u00e0 un plus haut niveau de pratique<\/span><\/li>\n<li><span style=\"font-family: verdana, geneva, sans-serif;\">Responsabilisation en tant que JO (jeune officiel) ou en tant que membre du comit\u00e9 directeur de l\u2019association.<\/span><\/li>\n<\/ul>\n<p><span style=\"font-family: verdana, geneva, sans-serif;\">Pour s\u2019inscrire\u00a0:<\/span><\/p>\n<ul style=\"list-style-type: disc;\">\n<li><span style=\"font-family: verdana, geneva, sans-serif;\">Remplir la feuille d\u2019inscription fournie par les enseignants en EPS<br \/>\n<\/span><\/li>\n<li><span style=\"font-family: verdana, geneva, sans-serif;\">R\u00e9gler 10\u20ac en liquide ou en ch\u00e9que \u00e0 l\u2019ordre de \u00ab\u00a0association sportive Alfred Mezi\u00e9res\u00a0\u00bb<\/span><\/li>\n<\/ul>\n<p><span style=\"font-family: verdana, geneva, sans-serif;\">Une fois licenci\u00e9, l\u2019\u00e9l\u00e8ve peut pratiquer toutes les activit\u00e9s propos\u00e9es par l\u2019association sportive du lyc\u00e9e :<\/span><\/p>\n<ul style=\"list-style-type: disc;\">\n<li><span style=\"font-family: verdana, geneva, sans-serif;\">Des activit\u00e9s \u00a0encadr\u00e9es par un enseignant en EPS<br \/>\n<\/span><\/li>\n<li><span style=\"font-family: verdana, geneva, sans-serif;\">D\u2019autres activit\u00e9s, \u00e0 la demande des \u00e9l\u00e8ves et sous la responsabilit\u00e9 d\u2019une personne habilit\u00e9, peuvent \u00e9galement \u00eatre pratiqu\u00e9es (danse, GRS \u2026.)<\/span><\/li>\n<\/ul>\n<p><span style=\"font-family: verdana, geneva, sans-serif;\">Les comp\u00e9titions<\/span><\/p>\n<p><span style=\"font-family: verdana, geneva, sans-serif;\">Elles sont possibles dans toutes les activit\u00e9s propos\u00e9es par l\u2019Association sportive du lyc\u00e9e mais aussi dans toutes les autres propos\u00e9es par l\u2019UNSS (environ 120 activit\u00e9s).<\/span><\/p>\n<p><span style=\"font-family: verdana, geneva, sans-serif;\">Quelques chiffres<\/span><\/p>\n<p><span style=\"font-family: verdana, geneva, sans-serif;\">Nombre de licenci\u00e9s en 2017-2018\u00a0: 92<\/span><\/p>\n<p><span style=\"font-family: verdana, geneva, sans-serif;\">Nombre de Jeunes Officiels\u00a0: 18<a id=\"hebdo\"><\/a><\/span><\/p>\n<p><span style=\"font-family: verdana, geneva, sans-serif;\"><strong><span style=\"color: #339966;\">Programme hebdomadaire des activit\u00e9s de l\u2019Association sportive<\/span><\/strong><br \/>\n<\/span><\/p>\n<iframe src=\"\/\/docs.google.com\/viewer?url=http%3A%2F%2Fsites.ac-nancy-metz.fr%2Flyc-alfred-mezieres-longwy%2Fwp-content%2Fuploads%2F2018%2F10%2FUNSS-Programmation.pdf&hl=fr&embedded=true\" class=\"gde-frame\" style=\"width:100%; height:500px; border: none;\" scrolling=\"no\"><\/iframe>\n<p class=\"gde-text\"><a href=\"http:\/\/sites.ac-nancy-metz.fr\/lyc-alfred-mezieres-longwy\/wp-content\/uploads\/2018\/10\/UNSS-Programmation.pdf\" class=\"gde-link\">T\u00e9l\u00e9charger (PDF, 199KB)<\/a><\/p>\n<p>&nbsp;<\/p>\n<p><strong><span style=\"font-family: verdana, geneva, sans-serif; color: #339966;\"><a id=\"competition\"><\/a>Le programme des comp\u00e9titions du district UNSS de Longwy<\/span><\/strong><\/p>\n<iframe src=\"\/\/docs.google.com\/viewer?url=http%3A%2F%2Fsites.ac-nancy-metz.fr%2Flyc-alfred-mezieres-longwy%2Fwp-content%2Fuploads%2F2018%2F10%2FCalendrier-district-2018-2019.pdf&hl=fr&embedded=true\" class=\"gde-frame\" style=\"width:100%; height:500px; border: none;\" scrolling=\"no\"><\/iframe>\n<p class=\"gde-text\"><a href=\"http:\/\/sites.ac-nancy-metz.fr\/lyc-alfred-mezieres-longwy\/wp-content\/uploads\/2018\/10\/Calendrier-district-2018-2019.pdf\" class=\"gde-link\">T\u00e9l\u00e9charger (PDF, 76KB)<\/a><\/p>\n","protected":false},"excerpt":{"rendered":"<p>L&#8217;association sportive &nbsp; Pr\u00e9sentation\u00a0 Programme hebdomadaire des activit\u00e9s de l\u2019Association Sportive\u00a0 Le programme des comp\u00e9titions du district UNSS de Longwy\u00a0<\/p>\n","protected":false},"author":1,"featured_media":0,"parent":0,"menu_order":0,"comment_status":"closed","ping_status":"closed","template":"","meta":{"_exactmetrics_skip_tracking":false,"_exactmetrics_sitenote_active":false,"_exactmetrics_sitenote_note":"","_exactmetrics_sitenote_category":0,"footnotes":""},"_links":{"self":[{"href":"https:\/\/sites.ac-nancy-metz.fr\/lyc-alfred-mezieres-longwy\/wp-json\/wp\/v2\/pages\/730"}],"collection":[{"href":"https:\/\/sites.ac-nancy-metz.fr\/lyc-alfred-mezieres-longwy\/wp-json\/wp\/v2\/pages"}],"about":[{"href":"https:\/\/sites.ac-nancy-metz.fr\/lyc-alfred-mezieres-longwy\/wp-json\/wp\/v2\/types\/page"}],"author":[{"embeddable":true,"href":"https:\/\/sites.ac-nancy-metz.fr\/lyc-alfred-mezieres-longwy\/wp-json\/wp\/v2\/users\/1"}],"replies":[{"embeddable":true,"href":"https:\/\/sites.ac-nancy-metz.fr\/lyc-alfred-mezieres-longwy\/wp-json\/wp\/v2\/comments?post=730"}],"version-history":[{"count":0,"href":"https:\/\/sites.ac-nancy-metz.fr\/lyc-alfred-mezieres-longwy\/wp-json\/wp\/v2\/pages\/730\/revisions"}],"wp:attachment":[{"href":"https:\/\/sites.ac-nancy-metz.fr\/lyc-alfred-mezieres-longwy\/wp-json\/wp\/v2\/media?parent=730"}],"curies":[{"name":"wp","href":"https:\/\/api.w.org\/{rel}","templated":true}]}}