{"id":4594,"date":"2025-03-21T11:50:47","date_gmt":"2025-03-21T10:50:47","guid":{"rendered":"https:\/\/sites.ac-nancy-metz.fr\/mawebradio\/?page_id=4594"},"modified":"2025-07-03T22:46:14","modified_gmt":"2025-07-03T21:46:14","slug":"recado","status":"publish","type":"page","link":"https:\/\/sites.ac-nancy-metz.fr\/mawebradio\/recado\/","title":{"rendered":"REC Ado &#8211; Coll\u00e8ge Antoine de Saint-Exupery de Saint-Nicolas-de-Port (54)"},"content":{"rendered":"\n<figure class=\"wp-block-image alignfull size-large\"><img loading=\"lazy\" decoding=\"async\" width=\"1024\" height=\"220\" src=\"https:\/\/sites.ac-nancy-metz.fr\/mawebradio\/wp-content\/uploads\/recado-1024x220.jpg\" alt=\"\" class=\"wp-image-4597\" srcset=\"https:\/\/sites.ac-nancy-metz.fr\/mawebradio\/wp-content\/uploads\/recado-1024x220.jpg 1024w, https:\/\/sites.ac-nancy-metz.fr\/mawebradio\/wp-content\/uploads\/recado-300x64.jpg 300w, https:\/\/sites.ac-nancy-metz.fr\/mawebradio\/wp-content\/uploads\/recado-768x165.jpg 768w, https:\/\/sites.ac-nancy-metz.fr\/mawebradio\/wp-content\/uploads\/recado-1536x329.jpg 1536w, https:\/\/sites.ac-nancy-metz.fr\/mawebradio\/wp-content\/uploads\/recado.jpg 1600w\" sizes=\"auto, (max-width: 1024px) 100vw, 1024px\" \/><\/figure>\n\n\n\n<h2 class=\"wp-block-heading\" style=\"font-size:17px\"><strong>Bienvenue sur <strong>REC<\/strong> Ado. La&nbsp;<strong>R<\/strong>adio des&nbsp;<strong>E<\/strong>l\u00e8ves du&nbsp;<strong>C<\/strong>oll\u00e8ge de Saint Nicolas de Port. Une radio faite par des ados pour des ados&nbsp;!<\/strong><\/h2>\n\n\n\n<p>Rec ado a \u00e9t\u00e9 cr\u00e9\u00e9e en mai 2024, sous l\u2019impulsion de deux \u00e9l\u00e8ves de 4<sup>e<\/sup>. Leur souhait&nbsp;: cr\u00e9er une alternative au journal du coll\u00e8ge version papier. Leur but&nbsp;: \u00e9changer, informer, se divertir tout en apprenant. Au programme&nbsp;: de l\u2019info au sens large, l\u2019actu du coll\u00e8ge, de la culture, des d\u00e9bats et des sondages.<\/p>\n\n\n\n<p>Avec notre animateur Ivan et C\u00e9lian et William aux manettes, d\u00e9couvrez les \u00e9missions de nos journalistes\/chroniqueurs&nbsp;: Chlo\u00e9, Emmie, Julia, Maya, Arnaud, Cl\u00e9ment, Hugo, Mathys, Sacha, et William.&nbsp;<\/p>\n\n\n\n<p>Rec ado reste \u00e0 l\u2019antenne&nbsp;! Restez \u00e0 l\u2019\u00e9coute&nbsp;!<\/p>\n\n\n\n<div style=\"height:59px\" aria-hidden=\"true\" class=\"wp-block-spacer\"><\/div>\n\n\n\n<div class=\"custom-widget\">\n  <div class=\"horizontal-bar\"><\/div>\n  <h2 class=\"entry-title\">Fiche d&rsquo;identit\u00e9<\/h2>\n<\/div>\n<h2 id=\"section1\"><\/h2>\n\n\n\n<div class=\"wp-block-columns is-layout-flex wp-container-core-columns-is-layout-1 wp-block-columns-is-layout-flex\">\n<div class=\"wp-block-column is-layout-flow wp-block-column-is-layout-flow\">\n<p class=\"has-text-align-center has-medium-font-size\"><strong>Structure<\/strong><\/p>\n\n\n\n<p class=\"has-text-align-center has-background\" style=\"background-color:#7bdbb545\">REC Ado c&rsquo;est la WebRadio produite <br>par le coll\u00e8ge <br>Antoine de Saint-Exup\u00e9ry de<br>Saint-Nicolas-De-Port (54)<\/p>\n<\/div>\n\n\n\n<div class=\"wp-block-column is-layout-flow wp-block-column-is-layout-flow\">\n<p class=\"has-text-align-center has-medium-font-size\"><strong>Directeur de publication<\/strong><\/p>\n\n\n\n<p class=\"has-text-align-center has-background\" style=\"background-color:#8dd2fc4a\">La directrice de publication est <br><strong>Sandrine BODSON<\/strong>, principale <br>du coll\u00e8ge Antoine <br>de Saint-Exup\u00e9ry<\/p>\n<\/div>\n\n\n\n<div class=\"wp-block-column is-layout-flow wp-block-column-is-layout-flow\">\n<p class=\"has-text-align-center has-medium-font-size\"><strong>Nous contacter<\/strong><\/p>\n\n\n\n<p class=\"has-text-align-center has-background\" style=\"background-color:#cf2d2d29\">Plus d&rsquo;informations sur REC Ado aupr\u00e8s de mesdames Alexandra Codani Robert <br>et Corinne Hugain, <a href=\"mailto:clemi@ac-nancy-metz.fr\">ce.0541572@ac-nancy-metz.fr<\/a>, responsables de publication<\/p>\n<\/div>\n<\/div>\n\n\n\n<div style=\"height:60px\" aria-hidden=\"true\" class=\"wp-block-spacer\"><\/div>\n\n\n\n<div class=\"custom-widget\">\n  <div class=\"horizontal-bar\"><\/div>\n  <h2 class=\"entry-title\">Les derni\u00e8res \u00e9missions<\/h2>\n<\/div>\n<h2 id=\"section1\"><\/h2>\n\n\n\n    <style>\n        \/* Grille en 3 colonnes *\/\n        .post-grid {\n            display: grid;\n            grid-template-columns: repeat(3, 1fr);\n            gap: 20px;\n        }\n        \/* Chaque colonne devient un conteneur flex vertical *\/\n        .grid-item {\n            border: 1px solid #ddd;\n            padding: 15px;\n            border-radius: 20px;\n            display: flex;\n            flex-direction: column;\n        }\n        \/* Image \u00e0 la une : hauteur max 350px *\/\n        .post-thumbnail img {\n            width: 100%;\n            height: auto;\n            max-height: 350px;\n            object-fit: cover;\n            border-radius: 20px 20px 0 0;\n        }\n        .post-title a {\n            color: #000;\n            text-decoration: none;\n        }\n        .post-date {\n            font-size: 1.1em;\n            color: #666;\n            margin-top: 5px;\n            margin-bottom: 10px; \/* Espacement de 10px sous la date *\/\n        }\n        .calendar-icon {\n            margin-right: 5px;\n        }\n        \/* La zone du bouton est pouss\u00e9e en bas gr\u00e2ce \u00e0 margin-top: auto *\/\n        .learn-more {\n            margin-top: auto;\n            padding-top: 50px; \/* Espace de 50px entre le contenu et le bouton *\/\n        }\n        .btn-learn-more {\n            display: block;\n            width: 100%;\n            background-color: #fff;\n            border: 2px solid #000;\n            border-radius: 50px;\n            color: #000;\n            text-align: center;\n            padding: 10px;\n            text-decoration: none;\n        }\n        .btn-learn-more:hover {\n            background-color: #f9f9f9;\n        }\n        \/* Styles de la pagination en noir et active en gras sans surbrillance bleue *\/\n        .pagination {\n            margin-top: 20px;\n            text-align: center;\n        }\n        .pagination .page-numbers {\n            color: #000;\n            margin: 0 5px;\n            text-decoration: none;\n            outline: none;\n        }\n        .pagination .page-numbers:focus,\n        .pagination .page-numbers:hover {\n            outline: none;\n            box-shadow: none;\n        }\n        .pagination .page-numbers.current {\n            font-weight: bold;\n        }\n\n        \/* Responsive : 2 colonnes sur \u00e9cran moyen et 1 colonne sur petit \u00e9cran *\/\n        @media (max-width: 768px) {\n            .post-grid {\n                grid-template-columns: repeat(2, 1fr);\n            }\n        }\n        @media (max-width: 480px) {\n            .post-grid {\n                grid-template-columns: 1fr;\n            }\n        }\n    <\/style>\n\n            <div class=\"post-grid\">\n                            <div class=\"grid-item\">\n                                            <div class=\"post-thumbnail\">\n                            <a href=\"https:\/\/sites.ac-nancy-metz.fr\/mawebradio\/rec-ado-saison-2\/\">\n                                <img loading=\"lazy\" decoding=\"async\" width=\"3210\" height=\"1317\" src=\"https:\/\/sites.ac-nancy-metz.fr\/mawebradio\/wp-content\/uploads\/logo_rec_ado.png\" class=\"attachment-full size-full wp-post-image\" alt=\"\" style=\"max-height:350px; width:auto; object-fit:cover;\" srcset=\"https:\/\/sites.ac-nancy-metz.fr\/mawebradio\/wp-content\/uploads\/logo_rec_ado.png 3210w, https:\/\/sites.ac-nancy-metz.fr\/mawebradio\/wp-content\/uploads\/logo_rec_ado-300x123.png 300w, https:\/\/sites.ac-nancy-metz.fr\/mawebradio\/wp-content\/uploads\/logo_rec_ado-1024x420.png 1024w, https:\/\/sites.ac-nancy-metz.fr\/mawebradio\/wp-content\/uploads\/logo_rec_ado-768x315.png 768w, https:\/\/sites.ac-nancy-metz.fr\/mawebradio\/wp-content\/uploads\/logo_rec_ado-1536x630.png 1536w, https:\/\/sites.ac-nancy-metz.fr\/mawebradio\/wp-content\/uploads\/logo_rec_ado-2048x840.png 2048w\" sizes=\"auto, (max-width: 3210px) 100vw, 3210px\" \/>                            <\/a>\n                        <\/div>\n                                        <h2 class=\"post-title\">\n                        <a href=\"https:\/\/sites.ac-nancy-metz.fr\/mawebradio\/rec-ado-saison-2\/\">REC Ado &#8211; Saison 2<\/a>\n                    <\/h2>\n                    <div class=\"post-date\">\n                        <i class=\"fa fa-calendar calendar-icon\" aria-hidden=\"true\"><\/i>26\/03\/2026                    <\/div>\n                    \n                    <!-- Contenu tronqu\u00e9 \u00e0 300 caract\u00e8res -->\n                    <div class=\"post-content\">\n                        REC Ado saison 2 revient pour une deuxi\u00e8me saison ! Au programme de notre 1\u00e8re\u00a0\u00a0\u00e9mission pour l'ann\u00e9e 2025-2026\u00a0: l\u2019interview\u00a0de madame Bichard, professeur d'histoire-g\u00e9ographie dans notre coll\u00e8ge par Eden, Lizie et Basile ; l\u2019\u00e9mission \u00ab\u00a0Le club des myst\u00e8res \u00bb d\u2019Hugo et Sacha consacr\u00e9e au spiritisme...                    <\/div>\n\n                    <div class=\"learn-more\">\n                        <a href=\"https:\/\/sites.ac-nancy-metz.fr\/mawebradio\/rec-ado-saison-2\/\" class=\"btn-learn-more\">En savoir plus<\/a>\n                    <\/div>\n                <\/div>\n                            <div class=\"grid-item\">\n                                            <div class=\"post-thumbnail\">\n                            <a href=\"https:\/\/sites.ac-nancy-metz.fr\/mawebradio\/bienvenue-sur-rec-ado-la-radio-des-eleves-du-college-de-saint-nicolas-de-port-une-radio-faite-par-des-ados-pour-des-ados\/\">\n                                <img loading=\"lazy\" decoding=\"async\" width=\"3210\" height=\"1317\" src=\"https:\/\/sites.ac-nancy-metz.fr\/mawebradio\/wp-content\/uploads\/logo_rec_ado.png\" class=\"attachment-full size-full wp-post-image\" alt=\"\" style=\"max-height:350px; width:auto; object-fit:cover;\" srcset=\"https:\/\/sites.ac-nancy-metz.fr\/mawebradio\/wp-content\/uploads\/logo_rec_ado.png 3210w, https:\/\/sites.ac-nancy-metz.fr\/mawebradio\/wp-content\/uploads\/logo_rec_ado-300x123.png 300w, https:\/\/sites.ac-nancy-metz.fr\/mawebradio\/wp-content\/uploads\/logo_rec_ado-1024x420.png 1024w, https:\/\/sites.ac-nancy-metz.fr\/mawebradio\/wp-content\/uploads\/logo_rec_ado-768x315.png 768w, https:\/\/sites.ac-nancy-metz.fr\/mawebradio\/wp-content\/uploads\/logo_rec_ado-1536x630.png 1536w, https:\/\/sites.ac-nancy-metz.fr\/mawebradio\/wp-content\/uploads\/logo_rec_ado-2048x840.png 2048w\" sizes=\"auto, (max-width: 3210px) 100vw, 3210px\" \/>                            <\/a>\n                        <\/div>\n                                        <h2 class=\"post-title\">\n                        <a href=\"https:\/\/sites.ac-nancy-metz.fr\/mawebradio\/bienvenue-sur-rec-ado-la-radio-des-eleves-du-college-de-saint-nicolas-de-port-une-radio-faite-par-des-ados-pour-des-ados\/\">REC\u00a0Ado : Deuxi\u00e8me \u00e9mission.<\/a>\n                    <\/h2>\n                    <div class=\"post-date\">\n                        <i class=\"fa fa-calendar calendar-icon\" aria-hidden=\"true\"><\/i>03\/07\/2025                    <\/div>\n                    \n                    <!-- Contenu tronqu\u00e9 \u00e0 300 caract\u00e8res -->\n                    <div class=\"post-content\">\n                        Au programme de la 2\u00e8me&nbsp;&nbsp;\u00e9mission&nbsp;: la pr\u00e9sentation du club Jeu de r\u00f4les par C\u00e9lian et Mathys ; l\u2019interview&nbsp;de Gaelle et St\u00e9phanie, AESH de notre coll\u00e8ge ; l'\u00e9mission \"La face cach\u00e9e des applications\" dans laquelle Chlo\u00e9 et Maya nous parlent de Temu, Shein ou Zara ; l'\u00e9mission \"M...                    <\/div>\n\n                    <div class=\"learn-more\">\n                        <a href=\"https:\/\/sites.ac-nancy-metz.fr\/mawebradio\/bienvenue-sur-rec-ado-la-radio-des-eleves-du-college-de-saint-nicolas-de-port-une-radio-faite-par-des-ados-pour-des-ados\/\" class=\"btn-learn-more\">En savoir plus<\/a>\n                    <\/div>\n                <\/div>\n                            <div class=\"grid-item\">\n                                            <div class=\"post-thumbnail\">\n                            <a href=\"https:\/\/sites.ac-nancy-metz.fr\/mawebradio\/rec-ado-emission-pilote\/\">\n                                <img loading=\"lazy\" decoding=\"async\" width=\"1920\" height=\"1280\" src=\"https:\/\/sites.ac-nancy-metz.fr\/mawebradio\/wp-content\/uploads\/image_une_recado.jpg\" class=\"attachment-full size-full wp-post-image\" alt=\"\" style=\"max-height:350px; width:auto; object-fit:cover;\" srcset=\"https:\/\/sites.ac-nancy-metz.fr\/mawebradio\/wp-content\/uploads\/image_une_recado.jpg 1920w, https:\/\/sites.ac-nancy-metz.fr\/mawebradio\/wp-content\/uploads\/image_une_recado-300x200.jpg 300w, https:\/\/sites.ac-nancy-metz.fr\/mawebradio\/wp-content\/uploads\/image_une_recado-1024x683.jpg 1024w, https:\/\/sites.ac-nancy-metz.fr\/mawebradio\/wp-content\/uploads\/image_une_recado-768x512.jpg 768w, https:\/\/sites.ac-nancy-metz.fr\/mawebradio\/wp-content\/uploads\/image_une_recado-1536x1024.jpg 1536w\" sizes=\"auto, (max-width: 1920px) 100vw, 1920px\" \/>                            <\/a>\n                        <\/div>\n                                        <h2 class=\"post-title\">\n                        <a href=\"https:\/\/sites.ac-nancy-metz.fr\/mawebradio\/rec-ado-emission-pilote\/\">REC Ado\u00a0: \u00e9mission pilote<\/a>\n                    <\/h2>\n                    <div class=\"post-date\">\n                        <i class=\"fa fa-calendar calendar-icon\" aria-hidden=\"true\"><\/i>21\/03\/2025                    <\/div>\n                    \n                    <!-- Contenu tronqu\u00e9 \u00e0 300 caract\u00e8res -->\n                    <div class=\"post-content\">\n                        Au programme de la 1\u00e8re\u00a0\u00a0\u00e9mission\u00a0: la g\u00e9n\u00e8se de Rec Ado par Mathys,\u00a0r\u00e9dacteur en chef et\u00a0l\u2019un des deux fondateurs ; la pr\u00e9sentation des castels de notre coll\u00e8ge\u00a0et de deux clubs sportifs portois\u00a0; l\u2019interview\u00a0des pr\u00e9sidents du FSE; les chroniques \u00ab\u00a0Pour ou contre\u00a0\u00bb et\u00a0\u00ab\u00a0Dilemme du quotidien\u00a0\u00bb. Et p...                    <\/div>\n\n                    <div class=\"learn-more\">\n                        <a href=\"https:\/\/sites.ac-nancy-metz.fr\/mawebradio\/rec-ado-emission-pilote\/\" class=\"btn-learn-more\">En savoir plus<\/a>\n                    <\/div>\n                <\/div>\n                    <\/div>\n\n        <!-- Pagination -->\n        <div class=\"pagination\">\n                    <\/div>\n    \n","protected":false},"excerpt":{"rendered":"<p>Bienvenue sur REC Ado. La&nbsp;Radio des&nbsp;El\u00e8ves du&nbsp;Coll\u00e8ge de Saint Nicolas de Port. Une radio faite par des ados pour des ados&nbsp;! Rec ado a \u00e9t\u00e9 cr\u00e9\u00e9e&#8230;<\/p>\n","protected":false},"author":1,"featured_media":4595,"parent":0,"menu_order":0,"comment_status":"closed","ping_status":"closed","template":"","meta":{"footnotes":""},"class_list":["post-4594","page","type-page","status-publish","has-post-thumbnail","hentry"],"_links":{"self":[{"href":"https:\/\/sites.ac-nancy-metz.fr\/mawebradio\/wp-json\/wp\/v2\/pages\/4594","targetHints":{"allow":["GET"]}}],"collection":[{"href":"https:\/\/sites.ac-nancy-metz.fr\/mawebradio\/wp-json\/wp\/v2\/pages"}],"about":[{"href":"https:\/\/sites.ac-nancy-metz.fr\/mawebradio\/wp-json\/wp\/v2\/types\/page"}],"author":[{"embeddable":true,"href":"https:\/\/sites.ac-nancy-metz.fr\/mawebradio\/wp-json\/wp\/v2\/users\/1"}],"replies":[{"embeddable":true,"href":"https:\/\/sites.ac-nancy-metz.fr\/mawebradio\/wp-json\/wp\/v2\/comments?post=4594"}],"version-history":[{"count":3,"href":"https:\/\/sites.ac-nancy-metz.fr\/mawebradio\/wp-json\/wp\/v2\/pages\/4594\/revisions"}],"predecessor-version":[{"id":4692,"href":"https:\/\/sites.ac-nancy-metz.fr\/mawebradio\/wp-json\/wp\/v2\/pages\/4594\/revisions\/4692"}],"wp:featuredmedia":[{"embeddable":true,"href":"https:\/\/sites.ac-nancy-metz.fr\/mawebradio\/wp-json\/wp\/v2\/media\/4595"}],"wp:attachment":[{"href":"https:\/\/sites.ac-nancy-metz.fr\/mawebradio\/wp-json\/wp\/v2\/media?parent=4594"}],"curies":[{"name":"wp","href":"https:\/\/api.w.org\/{rel}","templated":true}]}}