{"id":1161,"date":"2023-08-06T14:50:56","date_gmt":"2023-08-06T12:50:56","guid":{"rendered":"https:\/\/sites.ac-nancy-metz.fr\/physique\/wp_local\/?page_id=1161"},"modified":"2026-01-19T08:59:43","modified_gmt":"2026-01-19T07:59:43","slug":"concours-scientifiques","status":"publish","type":"page","link":"https:\/\/sites.ac-nancy-metz.fr\/physique\/wp_local\/?page_id=1161","title":{"rendered":"Concours scientifiques"},"content":{"rendered":"\n<figure class=\"wp-block-image size-full\"><img loading=\"lazy\" decoding=\"async\" width=\"900\" height=\"465\" src=\"https:\/\/sites.ac-nancy-metz.fr\/physique\/wp_local\/wp-content\/uploads\/2023\/02\/nobel_v2.jpg\" alt=\"\" class=\"wp-image-475\" srcset=\"https:\/\/sites.ac-nancy-metz.fr\/physique\/wp_local\/wp-content\/uploads\/2023\/02\/nobel_v2.jpg 900w, https:\/\/sites.ac-nancy-metz.fr\/physique\/wp_local\/wp-content\/uploads\/2023\/02\/nobel_v2-300x155.jpg 300w, https:\/\/sites.ac-nancy-metz.fr\/physique\/wp_local\/wp-content\/uploads\/2023\/02\/nobel_v2-768x397.jpg 768w\" sizes=\"auto, (max-width: 900px) 100vw, 900px\" \/><\/figure>\n\n\n\n<center><img decoding=\"async\" src=\"images\/ensemble.jpg\" alt=\"podium\"   height=\"170\"  \/> <\/center>\n<p> Chaque ann\u00e9e se multiplient les concours scientifiques. Vous en trouverez ici un r\u00e9capitulatif, mais forc\u00e9ment non exhaustif. <br\/>A vos marques &#8230;.<\/p>\n<br\/><br\/>\n\n\n\n<header class='entry-header'><h1  class='entry-title'>2025 \/ 2026<\/h1><\/header>\n\n\n\n<h2><img decoding=\"async\" src=\"images\/olymphys.png\" alt=\"image\" width=\"14%\" style=\"vertical-align:middle;\">&nbsp;&nbsp;Olympiades de Physique<\/h2>\n<dd><ul>\n\t<li>Les inscriptions aux Olympiades de physique-France, ouvertes depuis le 1er mai, seront closes  le 15 octobre 2025 \u00e0 22h, heure de Paris.\n<li>Vous pouvez consulter la carte des \u00e9quipes d\u00e9j\u00e0 inscrite sur :  \n<a href=\"https:\/\/www.olymphys.fr\/public\/index.php\/core\/pages,la_carte_des_equipes\" target=\"_blank\">la_carte_des_equipes<\/a><\/li>\n<li>Les principales \u00e9tapes seront :<\/li>\n\t<dd><ul>\n    <li>Les s\u00e9lections interacad\u00e9miques qui se d\u00e9rouleront le mercredi 3 d\u00e9cembre 2025.<\/li>\n    <li>La finale de la 33e \u00e9dition qui aura lieu les vendredi 30 et samedi 31 janvier 2026. Le concours national aura lieu \u00e0 IXCAMPUS \u00e0 Saint-Germain-en-Laye.<\/li>\n\t<\/ul><\/dd>\n<li>Cette ann\u00e9e, le parrain sera Alain Aspect, prix Nobel de physique en 2022.<\/li>\n<li>Ce concours permet aux lyc\u00e9ens d\u2019exp\u00e9rimenter de multiples comp\u00e9tences n\u00e9cessaires \u00e0 de futures \u00e9tudes scientifiques. Il est aussi est une pr\u00e9paration efficace \u00e0 l\u2019\u00e9preuve du \n    Grand Oral ; de plus, l\u2019investissement des \u00e9l\u00e8ves dans un projet d\u2019Olympiades repr\u00e9sente une plus-value importante pour leur dossier ParcourSup.<\/li>\n<li>Tous les renseignements utiles, le r\u00e8glement du concours ainsi que les \u00e9ditons pass\u00e9es sont sur le site : \n    <a href=\"https:\/\/www.olymphys.fr\/public\/index.php\" target=\"_blank\">https:\/\/www.olymphys.fr\/public\/index.php<\/a><\/li>\n<li>Un article du BUP rendant compte de la 32e \u00e9dition :  \n   <a href=\"https:\/\/www.udppc.asso.fr\/media\/cache\/document\/10760635.pdf\" target=\"_blank\">https:\/\/www.udppc.asso.fr\/media\/cache\/document\/10760635.pdf<\/a><\/li>\n<li>L\u2019<a href=\"images\/OlymPhy_affiche2025.png\" target=\"_blank\">affiche<\/a> du 33e concours.<\/li>\n<\/ul><\/dd>\n\n\n<h2 style=\"color:#783cbd;\"><img decoding=\"async\" src=\"images\/olymchi.png\" alt=\"image\" width=\"14%\" style=\"vertical-align:middle;\">&nbsp;&nbsp;Olympiades de Chimie<\/h2>\n<dd><ul>\n<li>Les inscriptions sont ouvertes jusqu\u2019au 13 d\u00e9cembre 2025 : <a href=\"http:\/\/www.olympiades-chimie.fr\" target=\"_blank\">http:\/\/www.olympiades-chimie.fr<\/a><\/li>\n<\/ul><\/dd>\n\n\n<h2><img decoding=\"async\" src=\"images\/CGenial_logo.png\" alt=\"image\" width=\"14%\" style=\"vertical-align:middle;\">&nbsp;&nbsp;Concours C. G\u00e9nial<\/h2>\n<dd><ul>\n<li>Pour plus d\u2019informations et pour les inscriptions \u00e0 l\u2019\u00e9dition 2025 : <a href=\"http:\/\/www.cgenial.org\" target=\"_blank\">http:\/\/www.cgenial.org<\/a><\/li>\n<\/ul><\/dd>\n\n\n<h2><img decoding=\"async\" src=\"images\/EOES.png\" alt=\"image\" width=\"14%\" style=\"vertical-align:middle;\">&nbsp;&nbsp;Le concours EOES<\/h2>\n<dd><ul>\n<li>Pour plus d\u2019informations sur les Olympiades Europ\u00e9ennes de sciences exp\u00e9rimentales : <a href=\"http:\/\/eoes-france.fr\/\" target=\"_blank\">http:\/\/eoes-france.fr\/<\/a>.<\/li>\n<\/ul><\/dd>\n\n\n<h2><img decoding=\"async\" src=\"images\/ScienceFactor.png\" alt=\"image\" width=\"9%\" style=\"vertical-align:middle;\">&nbsp;&nbsp;Concours Science Factor<\/h2>\n<dd><ul>\n<li>L\u2019\u00e9dition est ouverte du 8 septembre 2025 au 31 d\u00e9cembre 2025 : <a href=\"http:\/\/www.sciencefactor.fr\/\" target=\"_blank\">http:\/\/www.sciencefactor.fr<\/a><\/li>\n<\/ul><\/dd>\n\n\n<h2 style=\"text-transform: uppercase;color:#d2d501;\"><img decoding=\"async\" src=\"images\/PPP.png\" alt=\"image\" width=\"9%\" style=\"vertical-align:middle;\">&nbsp;&nbsp;Prix Pierre Potier<\/h2>\n<dd><ul>\n<li>L\u2019\u00e9dition 2025-2026 du <a href=\"https:\/\/www.lesmetiersdelachimie.com\/le-prix-pierre-potier-des-lyceens\/\" target=\"_blank\"> prix Pierre Potier des Lyc\u00e9ens<\/a> est lanc\u00e9e : \n    <b><a href=\"images\/flyer_ppp_2025.pdf\" target=\"_blank\">flyer<\/a><\/b><\/li>\n<\/ul><\/dd>\n\n\n\n<header class='entry-header'><h1  class='entry-title'>Les r\u00e9compenses 2024\/2025<\/h1><\/header>\n\n\n\n<p><strong>Olympiades de Chimie :<\/strong><\/p>\n\n\n\n<p>\n<dd><ul>\n<li>Palmar\u00e8s 2025 du concours scientifique<\/li>\n<dd><ul>\n<li>1er prix : Hippolyte Rubenach, Terminale, Lyc\u00e9e Ella Fitzgerald\u2013 Acad\u00e9mie de Grenoble<\/li>\n<li>2e prix : Thomas Guillard, Terminale, Lyc\u00e9e Delamare-Deboutteville\u2013 Acad\u00e9mie de Rouen<\/li>\n<li>3e prix : Nathan Allary, Terminale, Lyc\u00e9e Blaise Pascal\u2013 Acad\u00e9mie de Strasbourg<\/li>\n<\/ul><\/dd>\n<li>Palmar\u00e8s 2025 du concours \u00ab PARLONS CHIMIE \u00bb<\/li>\n<dd><ul>\n<li>1er Lyc\u00e9e Fran\u00e7ais Jacques Chirac de Rabat (Maroc) \u2013 AEFE \u2013 \u00ab La Chimie au galop ! \u00bb  <\/li>\n<li>2\u00e8me ex-aequo Lyc\u00e9e Gustave Eiffel \u2013 Acad\u00e9mie de Lille \u2013 \u00ab La crevette marque son SC \u00bb<\/li>\n<li>2\u00e8me ex-aequo Lyc\u00e9e Joseph Gallieni \u2013 Acad\u00e9mie de Toulouse \u2013 \u00ab La Chimie et le sport automobile \u00bb<\/li>\n<li>3\u00e8me ex-aequo Lyc\u00e9e Fran\u00e7ais Sophie Germain de Rabat (Maroc) \u2013 AEFE \u2013 \u00ab Formulation d\u2019une cr\u00e8me anti-inflammatoire \u00e0 base de feuilles d\u2019eucalyptus \u00bb<\/li>\n<li>3\u00e8me ex-aequo \u2013 Lyc\u00e9e Hamaskaine \u2013 Acad\u00e9mie d\u2019Aix-Marseille \u2013 \u00ab Jeu set et match \u00bb<\/li>\n<li>3\u00e8me ex-aequo \u2013 Lyc\u00e9e F\u00e9lix Proto \u2013 Acad\u00e9mie de Guadeloupe\u2013 \u00ab Glisse et durabilit\u00e9 : innovation par noir de carbone recycl\u00e9 et ing\u00e9nierie de surface \u00bb<\/li>\n<li>3\u00e8me ex-aequo \u2013 Lyc\u00e9e Adeline Boutain \u2013 Acad\u00e9mie de Nantes\u2013 \u00ab Le lyc\u00e9e de Saint-Gilles-Croix-de-Vie surfe sur la vague <\/li>\n<\/ul><\/dd>\n<\/ul><\/dd><\/p>\n\n\n\n<p><strong>Olympiades de Physique :<\/strong><\/p>\n\n\n\n<p><dd><ul>\n<li><a href=\"https:\/\/sites.ac-nancy-metz.fr\/physique\/wp_local\/wp-content\/uploads\/2026\/01\/OlympiadesPhysique_Palmares2025.pdf\" data-type=\"link\" data-id=\"https:\/\/sites.ac-nancy-metz.fr\/physique\/wp_local\/wp-content\/uploads\/2026\/01\/OlympiadesPhysique_Palmares2025.pdf\">Palmar\u00e8s 2025<\/a><\/li>\n<\/ul><\/dd> <\/p>\n\n\n\n<p><strong>Olympiades Europ\u00e9ennes de sciences exp\u00e9rimentales :<\/strong><\/p>\n\n\n\n<dd><ul>\n<li><a href=\"https:\/\/eoes.science\/\" target=\"_blank\">Palmar\u00e8s 2025<\/a><\/li>\n<\/ul><\/dd>\n\n\n\n<header class='entry-header'><h1  class='entry-title'>2024 \/ 2025<\/h1><\/header>\n\n\n\n<a href=\"https:\/\/www.cgenial.org\/82-nos-actions\/145-concours-cgenial\" style=\"color:#000000;\" target=\"_blank\" rel=\"noopener\">\n<h2><img decoding=\"async\" src=\"images\/ConcoursCGenial_Logo.png\" alt=\"image\"  alt=\"image\" width = \"9%\" style=\"vertical-align:middle;\">\u00a0CONCOURS CG\u00c9NIAL <\/h2><\/a>\n<dd><ul>\n<li>Fruit d&rsquo;un partenariat entre la Fondation CG\u00e9nial et le dispositif minist\u00e9riel \u00ab Sciences \u00e0 l\u2019\u00c9cole \u00bb, le Concours CG\u00e9nial valorise l\u2019enseignement des sciences, des technologies et du num\u00e9rique dans les coll\u00e8ges et lyc\u00e9es. Il permet aux jeunes, aid\u00e9s de leurs enseignants, de pr\u00e9senter un projet didactique et innovant dans de nombreuses disciplines et th\u00e9matiques telles que physique-chimie, math\u00e9matiques, technologie, sciences de la vie et de la terre, \u00e9cologie, d\u00e9veloppement durable\u2026 <\/li>\n\n<li>Chaque ann\u00e9e, une finale acad\u00e9mique permet d&rsquo;\u00e9lire l&rsquo;\u00e9quipe de coll\u00e9giens qui repr\u00e9sentera notre acad\u00e9mie lors de la finale nationale, les \u00e9quipes de lyc\u00e9ens \u00e9tant moins nombreuses, elles se rendent directement \u00e0 la finale nationale.<\/li>\n\n<li>Pour tous renseignements, vous pouvez contacter les professeures r\u00e9f\u00e9rentes du concours : <br>\n<a href=\"mailto:audrey.borr@univ-lorraine.fr\" target=\"_blank\" rel=\"noopener\">audrey.borr@univ-lorraine.fr<\/a> et \n<a href=\"mailto:gwenaelle.cuny@ac-nancy-metz.fr\" target=\"_blank\" rel=\"noopener\">gwenaelle.cuny@ac-nancy-metz.fr<\/a><\/li>\n<li>Pour plus d\u2019informations et pour les inscriptions \u00e0 l\u2019\u00e9dition 2025 suivre le lien: \n<a href=\"http:\/\/www.cgenial.org\" target=\"_blank\" rel=\"noopener\">http:\/\/www.cgenial.org<\/a><\/li>\n<\/ul><\/dd>\n\n<h2><img decoding=\"async\" src=\"images\/olymphys.png\" alt=\"image\"  alt=\"image\" width = \"14%\" style=\"vertical-align:middle;\">&nbsp;&nbsp;Olympiades de Physique<\/h2>\n<dd><ul>\n<li>Les inscriptions sont ouvertes jusqu\u2019au 15 octobre 2024 (\u00e0 22h). L\u2019implication dans ce concours peut \u00eatre r\u00e9investie dans le cadre du grand oral :\n<a href=\"https:\/\/www.olymphys.fr\/public\/index.php\" target=\"_blank\" rel=\"noopener\">https:\/\/www.olymphys.fr\/public\/index.php<\/a>.<\/li>\n<\/ul><\/dd>\n\n<h2><img decoding=\"async\" src=\"images\/olymchi.png\" alt=\"image\"  alt=\"image\" width = \"14%\" style=\"vertical-align:middle;\">&nbsp;&nbsp;Olympiades de Chimie<\/h2>\n<dd><ul>\n<li>Comme chaque ann\u00e9e l\u2019acad\u00e9mie se distingue. Deux candidats de notre acad\u00e9mie ont particip\u00e9 \u00e0 la finale nationale. Ils se sont class\u00e9s aux 5\u00e8me et 19\u00e8me places. Ce concours est \n\u00e9galement source de sujets de grand oral ou de projets en STL. Pour plus d\u2019informations, suivre le lien : \n<a href=\"http:\/\/www.olympiades-chimie.fr\" target=\"_blank\" rel=\"noopener\">http:\/\/www.olympiades-chimie.fr<\/a>.<\/li>\n<\/ul><\/dd>\n\n<h2><img decoding=\"async\" src=\"images\/EOES.png\" alt=\"image\"  alt=\"image\" width = \"14%\" style=\"vertical-align:middle;\">&nbsp;&nbsp;Le concours EOES<\/h2>\n<dd><ul>\n<li>Les Olympiades Europ\u00e9ennes de sciences exp\u00e9rimentales sont ouvertes aux \u00e9l\u00e8ves \u00e2g\u00e9s de moins de 17 ans au 31 d\u00e9cembre de l\u2019ann\u00e9e de la comp\u00e9tition : \n<a href=\"http:\/\/eoes-france.fr\/\" target=\"_blank\" rel=\"noopener\">http:\/\/eoes-france.fr\/<\/a>.<\/li>\n<\/ul><\/dd>\n\n<h2><img decoding=\"async\" src=\"images\/ScienceFactor.png\" alt=\"image\"  alt=\"image\" width = \"9%\" style=\"vertical-align:middle;\">&nbsp;&nbsp;Concours Science Factor<\/h2>\n<dd><ul>\n<li>Le concours Science Factor vise \u00e0 faire \u00e9merger des id\u00e9es et projets d\u2019innovation citoyens, avec une participation \u00e9gale de filles et de gar\u00e7ons, en prenant appui sur les \nr\u00e9seaux sociaux : <a href=\"http:\/\/www.sciencefactor.fr\/\" target=\"_blank\" rel=\"noopener\">http:\/\/www.sciencefactor.fr<\/a>. L\u2019\u00e9dition est ouverte du 9 septembre 2024 au 31 d\u00e9cembre 2024.<\/li>\n<\/ul><\/dd>\n\n<h2 style=\"text-transform: uppercase;color:#d2d501;\"><img decoding=\"async\" src=\"images\/PPP.png\" alt=\"image\"  alt=\"image\" width = \"9%\" style=\"vertical-align:middle;\">&nbsp;&nbsp;Prix Pierre Potier<\/h2>\n<dd><ul>\n<li>L\u2019\u00e9dition 2025 du <a href=\"https:\/\/www.lesmetiersdelachimie.com\/le-prix-pierre-potier-des-lyceens\/\" target=\"_blank\" rel=\"noopener\"> prix Pierre Potier des Lyc\u00e9ens<\/a> est lanc\u00e9e. <\/li>\n<li>Le Prix Pierre Potier des Lyc\u00e9ens, c\u2019est une occasion unique pour :<\/li>\n     <dd><ul>\n     <li>faire d\u00e9couvrir \u00e0 vos \u00e9l\u00e8ves des innovations de la Chimie en faveur du d\u00e9veloppement durable,<\/li>\n     <li>\u00e9changer en classe avec des industriels et des chercheurs en chimie,<\/li>\n     <li>tenter de participer \u00e0 la c\u00e9r\u00e9monie de remise du prix organis\u00e9e \u00e0 Paris.<\/li>\n     <\/ul><\/dd>\n<li>Le <b><a href=\"images\/FlyerPPPdesLyceens2025.pdf\" target=\"_blank\" rel=\"noopener\">flyer<\/a><\/b><\/li>\n<\/ul><\/dd>\n\n\n\n<header class='entry-header'><h1  class='entry-title'>2023 \/ 2024<\/h1><\/header>\n\n\n\n<a href=\"https:\/\/anneedelaphysique.cnrs.fr\/espace-scolaire\/la-physique-a-travers-les-ages\/\" style=\"color:#000000;\" target=\"_blank\" rel=\"noopener\">\n<h2><img decoding=\"async\" src=\"images\/concoursLaPhysiqueAtraversLesAges.png\" alt=\"image\"  alt=\"image\" width = \"9%\" style=\"vertical-align:middle;\">\u00a0La physique \u00e0 travers les \u00e2ges : le concours !<\/h2>\n<dd><ul>\n<li>Dans ce cadre de l\u2019Ann\u00e9e de la physique 2023-2024, l\u2019<i>Union des professeurs de physique et de chimie<\/i> organise \u00ab\u00a0La physique \u00e0 travers les \u00e2ges : le concours ! \u00bb.\n<br> \u00c9cris l&rsquo;histoire de la physique en reproduisant une exp\u00e9rience historique&#8230;.<\/li>\n<\/ul><\/dd>\n<\/a>\n<br>\n\n\n<h2><a href=\"https:\/\/www.olympiades-chimie.fr\/\" style=\"color:#000000;\" target=\"_blank\" rel=\"noopener\">\n<img decoding=\"async\" src=\"images\/olymchi.png\" alt=\"image\"  alt=\"image\" width = \"9%\" style=\"vertical-align:middle;\">\u00a0Olympiades Nationales de la Chimie<\/a><\/h2>\n<dd><ul>\n<li>Concours national de la chimie qui passe par deux \u00e9tapes, la pr\u00e9paration acad\u00e9mique qui permet de d\u00e9couvrir un secteur\n et d&rsquo;approfondir ses connaissances en chimie et pour les plus motiv\u00e9s, vous pourrez participer au concours acad\u00e9mique qui vous ouvrira\n les portes du concours national &#8230; <a href=\"https:\/\/www.olympiades-chimie.fr\/concours\/?cn-reloaded=1\" target=\"_blank\" rel=\"noopener\"><b>\u00ab\u00a0S&rsquo;inscrire\u00a0\u00bb<\/b><\/a><\/li>\n<li>T\u00e9l\u00e9charger : <a href=\"images\/olymchi_flyer_2024.png\" target=\"_blank\" rel=\"noopener\">un flyer \u00ab maison \u00bb pour de l&rsquo;\u00e9dition 2024 en attendant le flyer officiel<\/a><\/li>\n<\/ul><\/dd>\n<br>\n\n\n<h2><a href=\"https:\/\/www.olymphys.fr\/public\/index.php\" style=\"color:#000000;\" target=\"_blank\" rel=\"noopener\">\n<img decoding=\"async\" src=\"images\/olymphys.png\" alt=\"image\"  alt=\"image\" width = \"9%\" style=\"vertical-align:middle;\">\u00a0Olympiades Nationales de Physique<\/a><\/h2>\n<dd><ul>\n<li>C&rsquo;est un concours scientifique exp\u00e9rimental qui s&rsquo;adresse \u00e0 des \u00e9quipes de deux \u00e0 six lyc\u00e9ens encadr\u00e9s par un ou deux professeur(s),\n en liaison \u00e9ventuelle avec un laboratoire ou une entreprise.<\/li>\n<li><a href=\"https:\/\/www.olymphys.fr\/public\/index.php\/core\/pages,inscriptions\" target=\"_blank\" rel=\"noopener\"><b>Les inscriptions<\/b><\/a> pour l&rsquo;ann\u00e9e 2024 sont ouvertes \n(jusqu&rsquo;au 18 octobre) sur le site <a href=\"https:\/\/www.olymphys.fr\/public\/index.php\/core\/pages,inscriptions\" target=\"_blank\" rel=\"noopener\"><b>olymphys.fr<\/b><\/a><\/li>\n<li>T\u00e9l\u00e9charger : <a href=\"images\/olymphys_Flyer.png\" target=\"_blank\" rel=\"noopener\">un flyer \u00ab maison \u00bb pour l&rsquo;\u00e9dition 2024 en attendant le flyer officiel<\/a><\/li>\n<\/ul><\/dd>\n<br>\n\n\n<h2><a href=\"https:\/\/crm2.univ-lorraine.fr\/science-et-societe\/concours-cristallisation\/\" style=\"color:#000000;\" target=\"_blank\" rel=\"noopener\">\n<img decoding=\"async\" src=\"images\/logo-crm2.png\" alt=\"image\"  alt=\"image\" width = \"9%\" style=\"vertical-align:middle;\"> Concours de cristallisation<\/a><\/h2>\n<dd><ul>\n<li>Devant le succ\u00e8s de cette manifestation les 8 ann\u00e9es pr\u00e9c\u00e9dentes (environ 800 participants chaque ann\u00e9e), le laboratoire CRM2 organise \u00e0 nouveau le concours dans l\u2019acad\u00e9mie Nancy-Metz.<\/li>\n<li>Le principe est simple, il s\u2019agit de faire pousser le plus gros et le plus parfait monocristal \u00e0 partir d\u2019une solution satur\u00e9e d\u2019un sel choisi et fourni par les organisateurs du concours.<\/li>\n<li><a href=\"https:\/\/crm2.univ-lorraine.fr\/science-et-societe\/concours-cristallisation\/#wpcf7-f16655-p3843-o1\" target=\"_blank\" rel=\"noopener\">Cl\u00f4ture des inscriptions : 21 octobre 2023<\/a><\/li>\n<\/ul><\/dd>\n\n\n\n\n<h2><a href=\"https:\/\/www.reinventer-le-monde.fr\/\" style=\"color:#000000;\" target=\"_blank\" rel=\"noopener\">\n\t<img decoding=\"async\" src=\"news2\/images\/ReinventerLeMonde.png\" alt=\"image\"  alt=\"image\" width = \"9%\" style=\"vertical-align:middle;\">\u00a0R\u00e9inventer le Monde : un concours qui m\u00eale EDD et EMI<\/a><\/h2>\n\n<dd><ul>\n<li>Pour participer, il suffit de renseigner le formulaire en ligne disponible sur le lien suivant : \n    <a href=\"https:\/\/www.reinventer-le-monde.fr\/edition-2024-inscription\/\" target=\"_blank\" rel=\"noopener\">Edition 2024 : inscription<\/a><\/li>\n<dd><ul>\n<li>Pour en savoir plus, vous pouvez d\u00e9couvrir :<\/li>\n<dd><ul>\n<li>La pr\u00e9sentation du <a href=\"https:\/\/www.reinventer-le-monde.fr\/le-programme-pedagogique\/\" target=\"_blank\" rel=\"noopener\">programme p\u00e9dagogique<\/a><\/li>\n<li>Les <a href=\"https:\/\/www.reinventer-le-monde.fr\/edition-2023-prix-du-public\/\" target=\"_blank\" rel=\"noopener\">podcasts laur\u00e9ats<\/a> des pr\u00e9c\u00e9dentes \u00e9ditions<\/li>\n<\/ul><\/dd>\n<\/ul><\/dd>\n<dd><ul>\n<li>Tous les contenus sont accessibles gratuitement sur <a href=\"https:\/\/www.reinventer-le-monde.fr\/\" target=\"_blank\" rel=\"noopener\">www.reinventer-le-monde.fr\/<\/a><\/li>\n<\/ul><\/dd>\n<\/ul><\/dd>\n\n<br>\n\n<h2><a href=\"http:\/\/sfpnet.fr\/concours-nuit-de-la-physique-sur-le-theme-physique-et-sport\" style=\"color:#000000;\" target=\"_blank\" rel=\"noopener\">\n\t<img decoding=\"async\" src=\"news2\/images\/concoursphyssport.png\" alt=\"image\"  alt=\"image\" width = \"10%\" style=\"vertical-align:middle;\">\u00a0Concours Nuit de la physique<\/a><\/h2>\n<dd><ul>\n<li>\nDans le cadre de l\u2019\u00ab Ann\u00e9e de la Physique \u00bb et compte tenu de l\u2019organisation en France des jeux Olympiques et paralympiques 2024, la \n<a href=\"http:\/\/sfpnet.fr\/concours-nuit-de-la-physique-sur-le-theme-physique-et-sport\">Soci\u00e9t\u00e9 Fran\u00e7aise de Physique<\/a>, le CNRS et le CEA organisent conjointement plusieurs \n<a href=\"http:\/\/sfpnet.fr\/concours-nuit-de-la-physique-sur-le-theme-physique-et-sport\">concours sur le th\u00e8me \u00ab Physique et Sport \u00bb<\/a> \u00e0 destination des scolaires (de l&rsquo;\u00e9cole primaire au lyc\u00e9e). Les \u00e9l\u00e8ves sont invit\u00e9(e)s \u00e0 y participer soit de fa\u00e7on exp\u00e9rimentale soit de fa\u00e7on litt\u00e9raire ou artistique. Ces concours sont dot\u00e9s de nombreux prix dont des places pour assister \u00e0 des \u00e9preuves des Jeux Olympiques. Le palmar\u00e8s sera d\u00e9voil\u00e9 lors de la grande soir\u00e9e du 2 avril 2024, la Nuit de la physique, qui se tiendra sur environ 25 sites en France de fa\u00e7on simultan\u00e9e et interactive. Au programme, conf\u00e9rences, tables rondes, jeux reportages et films sur le th\u00e8me \u00ab\u00a0Physique et Sport\u00a0\u00bb.\n<\/li>\n<li>Inscriptions ouvertes du 5 septembre 2023 au 11 janvier 2024 : <a href=\"https:\/\/indico.ijclab.in2p3.fr\/event\/9459\/registrations\/680\/\" target=\"_blank\" rel=\"noopener\">cliquer ici<\/a><\/li>\n<\/ul><\/dd>\n<br><br><br>\n\n\n<a href=\"https:\/\/www.sciencespourtous.org\/prix-du-livre-sciences-pour-tous\/\" style=\"color:#000000;\" target=\"_blank\" rel=\"noopener\">\n<h2><img decoding=\"async\" src=\"news2\/images\/SciencesPourTous.png\" alt=\"image\"  alt=\"image\" width = \"10%\" style=\"vertical-align:middle;\">\u00a0Le Prix du livre Sciences pour tous<\/h2><\/a>\n<dd><ul>\n<li>Le prix du livre \u00ab <a href=\"https:\/\/www.sciencespourtous.org\/prix-du-livre-sciences-pour-tous\/\" target=\"_blank\" rel=\"noopener\">Sciences pour tous<\/a> \u00bb est un prix litt\u00e9raire qui propose aux \u00e9l\u00e8ves la lecture d\u2019ouvrages, documentaires et fictions, autour de th\u00e9matiques scientifiques renouvel\u00e9es \nchaque ann\u00e9e.  Ce concours se d\u00e9cline en une version coll\u00e8ge et une version lyc\u00e9e sur tout le territoire national. <\/li>\n<li>Une s\u00e9lection des ouvrages sera exp\u00e9di\u00e9e aux \u00e9tablissements participants. Chacun des groupes de coll\u00e9giens et lyc\u00e9ens participants votera pour l\u2019auteur de son ouvrage pr\u00e9f\u00e9r\u00e9 et les \n\u00e9crivaines ou \u00e9crivains ayant recueilli le plus de suffrages seront \u00e9lus laur\u00e9at du Prix du livre Sciences \u00ab coll\u00e8ge \u00bb ou \u00ab lyc\u00e9e \u00bb. <\/li>\n<li>Le th\u00e8me de l\u2019\u00e9dition 2024 est \u00ab Infiniment petit, infiniment grand \u00bb.<\/li>\n<li>Dans le but d\u2019uniformiser les modalit\u00e9s de candidatures dans toutes les acad\u00e9mies, des campagnes d\u2019appel \u00e0 projet r\u00e9gionales ADAGE ont \u00e9t\u00e9 lanc\u00e9es. Cette campagne d\u2019appels \u00e0 projet \nse terminera le 31\/10.<\/li>\n<\/ul><\/dd>\n<br><br><br>\n\n<h2><a href=\"https:\/\/videodimath.math.cnrs.fr\/videodimath\/\" style=\"color:#000000;\" target=\"_blank\" rel=\"noopener\">\n<img decoding=\"async\" src=\"news2\/images\/VideoDiMaths.png\" alt=\"image\"  alt=\"image\" width = \"10%\" style=\"vertical-align:middle;\">\u00a0Concours de vid\u00e9os PHYSIQUE<\/a><\/h2>\n<dd><ul>\n<li>Dans le cadre de l&rsquo;ann\u00e9e de la physique, un prix sp\u00e9cial sera attribu\u00e9 pour les vid\u00e9os de physique en interaction avec les math\u00e9matiques. <\/li>\n<li>Quelques pistes pour la mise en oeuvre en classe sont disponibles <a href=\"news2\/images\/aidevideodimath.pdf\" target=\"_blank\" rel=\"noopener\">ici<\/a>. <\/li>\n<li>Les sites <a href=\"http:\/\/video.math.cnrs.fr\" target=\"_blank\" rel=\"noopener\"> VideoDiMath<\/a> et\n         <a href=\"https:\/\/www.maths-et-tiques.fr\/\" target=\"_blank\" rel=\"noopener\"> m@ths et tiques<\/a> et le site de ressources de <a href=\"https:\/\/anneedelaphysique.cnrs.fr\/categorie\/ressources\/\" target=\"_blank\" rel=\"noopener\"> l&rsquo;ann\u00e9e de la physique <\/a>peuvent donner des id\u00e9es de sujets.<\/li>\n<\/ul><\/dd>\n<br><br>\n\n\n\n<header class='entry-header'><h1  class='entry-title'>&#8230;. \/ 2022<\/h1><\/header>\n\n\n\n<object type=\"text\/html\" data=\"concours.php\" width=\"100%\" height=\"380\"><\/object>\n\n\n\n<center><img decoding=\"async\" src=\"..\/SiteAcademiqueOld\/images\/course.jpg\" alt=\"podium\"   height=\"170\"  \/> <\/center><br\/><br\/>\n","protected":false},"excerpt":{"rendered":"<p>Chaque ann\u00e9e se multiplient les concours scientifiques. Vous en trouverez ici un r\u00e9capitulatif, mais forc\u00e9ment non exhaustif. A vos marques &#8230;. 2025 \/ 2026 &nbsp;&nbsp;Olympiades de Physique Les inscriptions aux Olympiades de physique-France, ouvertes depuis le 1er mai, seront closes le 15 octobre 2025 \u00e0 22h, heure de Paris. Vous pouvez consulter la carte des \u00e9quipes d\u00e9j\u00e0 inscrite sur : la_carte_des_equipes Les principales \u00e9tapes seront : Les s\u00e9lections interacad\u00e9miques qui se d\u00e9rouleront le mercredi 3 d\u00e9cembre 2025. La finale de la 33e \u00e9dition qui aura lieu les vendredi 30 et&hellip;<\/p>\n","protected":false},"author":1,"featured_media":0,"parent":375,"menu_order":0,"comment_status":"closed","ping_status":"closed","template":"","meta":{"footnotes":""},"class_list":["post-1161","page","type-page","status-publish","hentry"],"_links":{"self":[{"href":"https:\/\/sites.ac-nancy-metz.fr\/physique\/wp_local\/index.php?rest_route=\/wp\/v2\/pages\/1161","targetHints":{"allow":["GET"]}}],"collection":[{"href":"https:\/\/sites.ac-nancy-metz.fr\/physique\/wp_local\/index.php?rest_route=\/wp\/v2\/pages"}],"about":[{"href":"https:\/\/sites.ac-nancy-metz.fr\/physique\/wp_local\/index.php?rest_route=\/wp\/v2\/types\/page"}],"author":[{"embeddable":true,"href":"https:\/\/sites.ac-nancy-metz.fr\/physique\/wp_local\/index.php?rest_route=\/wp\/v2\/users\/1"}],"replies":[{"embeddable":true,"href":"https:\/\/sites.ac-nancy-metz.fr\/physique\/wp_local\/index.php?rest_route=%2Fwp%2Fv2%2Fcomments&post=1161"}],"version-history":[{"count":74,"href":"https:\/\/sites.ac-nancy-metz.fr\/physique\/wp_local\/index.php?rest_route=\/wp\/v2\/pages\/1161\/revisions"}],"predecessor-version":[{"id":4372,"href":"https:\/\/sites.ac-nancy-metz.fr\/physique\/wp_local\/index.php?rest_route=\/wp\/v2\/pages\/1161\/revisions\/4372"}],"up":[{"embeddable":true,"href":"https:\/\/sites.ac-nancy-metz.fr\/physique\/wp_local\/index.php?rest_route=\/wp\/v2\/pages\/375"}],"wp:attachment":[{"href":"https:\/\/sites.ac-nancy-metz.fr\/physique\/wp_local\/index.php?rest_route=%2Fwp%2Fv2%2Fmedia&parent=1161"}],"curies":[{"name":"wp","href":"https:\/\/api.w.org\/{rel}","templated":true}]}}