{"id":812,"date":"2023-08-31T10:18:00","date_gmt":"2023-08-31T10:18:00","guid":{"rendered":"https:\/\/sites.ac-nancy-metz.fr\/stss\/?page_id=812"},"modified":"2023-10-02T10:52:58","modified_gmt":"2023-10-02T10:52:58","slug":"812-2","status":"publish","type":"page","link":"https:\/\/sites.ac-nancy-metz.fr\/stss\/812-2\/","title":{"rendered":"A la Une"},"content":{"rendered":"<div id=\"pl-812\"  class=\"panel-layout\" ><div id=\"pg-812-0\"  class=\"panel-grid panel-no-style\" ><div id=\"pgc-812-0-0\"  class=\"panel-grid-cell\" ><div id=\"panel-812-0-0-0\" class=\"so-panel widget widget_sow-editor panel-first-child\" data-index=\"0\" ><div\n\t\t\t\n\t\t\tclass=\"so-widget-sow-editor so-widget-sow-editor-base\"\n\t\t\t\n\t\t>\n<div class=\"siteorigin-widget-tinymce textwidget\">\n\t<h1 style=\"text-align: center;\"><strong><a href=\"https:\/\/sites.ac-nancy-metz.fr\/stss\/inspection\/puce-logo-site\/\" rel=\"attachment wp-att-685\"><img loading=\"lazy\" decoding=\"async\" class=\"alignnone size-full wp-image-685\" src=\"https:\/\/sites.ac-nancy-metz.fr\/stss\/wp-content\/uploads\/2023\/08\/puce-logo-site.png\" alt=\"\" width=\"22\" height=\"22\" \/><\/a>\u00a0 \u00a0A la Une<\/strong><\/h1>\n<\/div>\n<\/div><\/div><div id=\"panel-812-0-0-1\" class=\"so-panel widget widget_sow-editor\" data-index=\"1\" ><div\n\t\t\t\n\t\t\tclass=\"so-widget-sow-editor so-widget-sow-editor-base\"\n\t\t\t\n\t\t><h3 class=\"widget-title\">L'agenda Les Bons Clics<\/h3>\n<div class=\"siteorigin-widget-tinymce textwidget\">\n\t<p>\ud83d\uddd3\ufe0f<strong>\u00a0Le 3 octobre \u00e0 9h15\u00a0 \"Inclusion financi\u00e8re\" - Dur\u00e9e 45 min<\/strong><\/p>\n<p><a class=\"\" title=\"\" href=\"https:\/\/www.eventbrite.fr\/e\/billets-cafe-numerique-3-rencontre-avec-sos-familles-emmaus-696073202687?aff=EmailHebdo\" target=\"_blank\" rel=\"noopener\"><img decoding=\"async\" class=\"mcnImage alignleft\" src=\"https:\/\/mcusercontent.com\/0d043dea50ce0426055784eae\/images\/ef88c223-bc03-c2e7-e8f1-126f40ed47c1.jpg\" alt=\"\" width=\"132\" \/><\/a>[J-1] Caf\u00e9 num\u00e9rique #3 -\u00a0Rencontre avec SOS Familles Emma\u00fcs<\/p>\n<p>Pour cette 3\u00e8me \u00e9dition, nous aurons le plaisir d'accueillir\u00a0<a href=\"https:\/\/emmaus-france.org\/contre-le-malendettement-les-sos-familles-emmaus\/\" target=\"_blank\" rel=\"noopener\">SOS Familles Emma\u00fcs<\/a>, acteur historique de l'inclusion financi\u00e8re qui agit aupr\u00e8s des familles en situation de malendettement en leur apportant un accompagnement budg\u00e9taire et un soutien financier.<span style=\"font-family: inherit; font-size: inherit;\">\ud83d\udc49\u00a0<\/span><a style=\"font-family: inherit; font-size: inherit;\" href=\"https:\/\/www.eventbrite.fr\/e\/billets-cafe-numerique-3-rencontre-avec-sos-familles-emmaus-696073202687?aff=EmailHebdo\" target=\"_blank\" rel=\"noopener\">S'inscrire au Caf\u00e9 num\u00e9rique<\/a><\/p>\n<p>&nbsp;<\/p>\n<p>\ud83d\uddd3\ufe0f<strong>\u00a0Le 3 octobre \u00e0 11h \"Insertion professionnelle\" - Dur\u00e9e 1h<\/strong><\/p>\n<p><strong><a class=\"\" title=\"\" href=\"https:\/\/www.eventbrite.fr\/e\/billets-le-numerique-au-service-de-linsertion-professionnelle-des-jeunes-690735938787?aff=EmailHebdo\" target=\"_blank\" rel=\"noopener\"><img decoding=\"async\" class=\"mcnImage alignleft\" src=\"https:\/\/mcusercontent.com\/0d043dea50ce0426055784eae\/images\/b22e57b0-148d-b977-a19e-b8493a17c99e.jpg\" alt=\"\" width=\"132\" \/><\/a><\/strong><\/p>\n<h3 class=\"null\">[J-1] Webinaire HubEst -\u00a0Le num\u00e9rique au service de l\u2019insertion professionnelle des jeunes<\/h3>\n<p>Vous accompagnez sur l'inclusion num\u00e9rique en\u00a0<strong>r\u00e9gion Grand Est<\/strong>\u00a0? Explorez avec nous des bonnes pratiques et des outils pour surmonter les obstacles num\u00e9riques entravant l'int\u00e9gration professionnelle des jeunes.<br \/>\n\ud83d\udc49\u00a0<a href=\"https:\/\/www.eventbrite.fr\/e\/billets-le-numerique-au-service-de-linsertion-professionnelle-des-jeunes-690735938787?aff=EmailHebdo\" target=\"_blank\" rel=\"noopener\">S'inscrire pour le 3 octobre<\/a><\/p>\n<p>&nbsp;<\/p>\n<p>\ud83d\uddd3\ufe0f<strong>\u00a0Le 10 octobre \u00e0 15h \"Inclusion financi\u00e8re\" - Dur\u00e9e 1h<\/strong><\/p>\n<p><a class=\"\" title=\"\" href=\"https:\/\/www.eventbrite.fr\/e\/billets-le-numerique-contre-lexclusion-bancaire-en-outre-mer-avec-nickel-714457049267?aff=EmailHebdo\" target=\"_blank\" rel=\"noopener\"><img decoding=\"async\" class=\"mcnImage alignleft\" src=\"https:\/\/mcusercontent.com\/0d043dea50ce0426055784eae\/images\/5bc90c0b-d182-86ab-6a1c-f970f2574e53.jpg\" alt=\"\" width=\"132\" \/><\/a><\/p>\n<h3 class=\"null\">Webinaire - Le num\u00e9rique contre l'exclusion bancaire en outre-mer (avec Nickel)<\/h3>\n<p>Comment le num\u00e9rique peut-il aider \u00e0 r\u00e9pondre aux difficult\u00e9s d\u2019acc\u00e8s aux services bancaires pour certains publics en outre-mer ? Rendez-vous le 10 octobre pour d\u00e9couvrir les<strong>\u00a0enjeux de l'exclusion bancaire en outre-mer et des solutions pour lutter<\/strong>\u00a0contre diff\u00e9rentes formes d'exclusion bancaire<br \/>\n\ud83d\udc49\u00a0<a href=\"https:\/\/www.eventbrite.fr\/e\/billets-le-numerique-contre-lexclusion-bancaire-en-outre-mer-avec-nickel-714457049267?aff=EmailHebdo\" target=\"_blank\" rel=\"noopener\">S'inscrire \u00e0 l'\u00e9v\u00e9nement<\/a><\/p>\n<p>\ud83d\uddd3\ufe0f<strong>\u00a0Le 12 octobre \u00e0 11h \"Acc\u00e8s aux droits\" - Dur\u00e9e 1h30<\/strong><\/p>\n<p><a class=\"\" title=\"\" href=\"https:\/\/www.eventbrite.fr\/e\/billets-accompagner-sur-les-e-demarches-france-connect-et-lidentite-numerique-696082801397?aff=EmailHebdo\" target=\"_blank\" rel=\"noopener\"><img decoding=\"async\" class=\"mcnImage alignleft\" src=\"https:\/\/mcusercontent.com\/0d043dea50ce0426055784eae\/images\/31acbf96-f249-e47a-8d1a-f6b3a6e50acc.jpg\" alt=\"\" width=\"132\" \/><\/a><\/p>\n<h3 class=\"null\">Webinaire\u00a0-\u00a0Accompagner sur les e-d\u00e9marches : France Connect et l'Identit\u00e9 Num\u00e9rique<\/h3>\n<p>Les\u00a0Bons Clics vous invite \u00e0 un nouveau webinaire\u00a0sur\u00a0le th\u00e8me des\u00a0<strong>d\u00e9marches\u00a0en ligne,\u00a0le 12 octobre de\u00a011h \u00e0 12h30<\/strong>.\u00a0Vous pourrez y d\u00e9couvrir des ressources pour\u00a0accompagner\u00a0vos publics, ainsi que\u00a0l'intervention du service\u00a0<a href=\"https:\/\/lesbonsclics.us11.list-manage.com\/track\/click?u=0d043dea50ce0426055784eae&amp;id=1caf680838&amp;e=d8af13066c\" target=\"_blank\" rel=\"noopener\" data-saferedirecturl=\"https:\/\/www.google.com\/url?q=https:\/\/lesbonsclics.us11.list-manage.com\/track\/click?u%3D0d043dea50ce0426055784eae%26id%3D1caf680838%26e%3Dd8af13066c&amp;source=gmail&amp;ust=1695916937425000&amp;usg=AOvVaw3MEJ1B49obS19tiB3Pzd4i\">L'Identit\u00e9\u00a0Num\u00e9rique<\/a><a href=\"https:\/\/lesbonsclics.us11.list-manage.com\/track\/click?u=0d043dea50ce0426055784eae&amp;id=8878fd4698&amp;e=d8af13066c\" target=\"_blank\" rel=\"noopener\" data-saferedirecturl=\"https:\/\/www.google.com\/url?q=https:\/\/lesbonsclics.us11.list-manage.com\/track\/click?u%3D0d043dea50ce0426055784eae%26id%3D8878fd4698%26e%3Dd8af13066c&amp;source=gmail&amp;ust=1695916937425000&amp;usg=AOvVaw3wvq6CN9t7ePMoERRI1hPc\">\u00a0La Poste<\/a>.<br \/>\n\ud83d\udc49\u00a0<a href=\"https:\/\/www.eventbrite.fr\/e\/billets-accompagner-sur-les-e-demarches-france-connect-et-lidentite-numerique-696082801397?aff=EmailHebdo\" target=\"_blank\" rel=\"noopener\">S'inscrire au webinaire<\/a><\/p>\n<p>\ud83d\uddd3\ufe0f<strong>\u00a0Le 17 octobre \u00e0 11h \"Barri\u00e8re de la langue\" - Dur\u00e9e 1h<\/strong><\/p>\n<p><a class=\"\" title=\"\" href=\"https:\/\/www.eventbrite.fr\/e\/billets-accompagner-les-publics-en-fragilites-numeriques-et-linguistiques-690740903637?aff=EmailHebdo\" target=\"_blank\" rel=\"noopener\"><img decoding=\"async\" class=\"mcnImage alignleft\" src=\"https:\/\/mcusercontent.com\/0d043dea50ce0426055784eae\/images\/8abcf763-a548-68c8-4255-8e4c079c992d.jpg\" alt=\"\" width=\"132\" \/><\/a><\/p>\n<h3 class=\"null\">Webinaire\u00a0-\u00a0Accompagner les publics en fragilit\u00e9s num\u00e9riques et linguistiques<\/h3>\n<p>Vous accompagnez des publics en fragilit\u00e9 linguistique dans leurs usages du num\u00e9rique en\u00a0<strong>r\u00e9gion Grand Est\u00a0<\/strong>? D\u00e9couvrez dans ce webinaire les enjeux li\u00e9s \u00e0 l\u2019inclusion num\u00e9rique des publics en fragilit\u00e9 linguistique et des outils pour vous accompagner dans leur formation !<br \/>\n\ud83d\udc49\u00a0<a href=\"https:\/\/www.eventbrite.fr\/e\/billets-accompagner-les-publics-en-fragilites-numeriques-et-linguistiques-690740903637?aff=EmailHebdo\" target=\"_blank\" rel=\"noopener\">S'inscrire pour le 17 octobre<\/a><\/p>\n<p>&nbsp;<\/p>\n<p><a href=\"https:\/\/www.lesbonsclics.fr\/fr\/?utm_source=emailhebdo&amp;utm_medium=Homepage\"><img loading=\"lazy\" decoding=\"async\" class=\"alignnone wp-image-652 size-full\" src=\"https:\/\/sites.ac-nancy-metz.fr\/stss\/wp-content\/uploads\/2023\/08\/en-savoir-plus.png\" alt=\"\" width=\"79\" height=\"25\" \/><\/a><\/p>\n<\/div>\n<\/div><\/div><div id=\"panel-812-0-0-2\" class=\"so-panel widget widget_rss\" data-index=\"2\" ><h3 class=\"widget-title\"><a class=\"rsswidget rss-widget-feed\" href=\"https:\/\/www.santepubliquefrance.fr\/flux-rss\"><img decoding=\"async\" class=\"rss-widget-icon\" style=\"border:0\" width=\"14\" height=\"14\" src=\"https:\/\/sites.ac-nancy-metz.fr\/stss\/wp-includes\/images\/rss.png\" alt=\"Flux\" loading=\"lazy\" \/><\/a> <a class=\"rsswidget rss-widget-title\" href=\"https:\/\/www.santepubliquefrance.fr\/\">Sant\u00e9 Publique France<\/a><\/h3><nav aria-label=\"Sant\u00e9 Publique France\"><ul><li><a class='rsswidget' href='https:\/\/www.santepubliquefrance.fr\/presse\/mobco-une-mobilisation-de-connaissances-pour-favoriser-lacces-a-la-vaccination-contre-la'>MOBCO : une mobilisation de connaissances pour favoriser l\u2019acc\u00e8s \u00e0 la vaccination contre la Covid-19 des populations en situation de pr\u00e9carit\u00e9<\/a><div class=\"rssSummary\">Les populations en situation de pr\u00e9carit\u00e9, plus expos\u00e9es \u00e0 la Covid-19 et \u00e0 ses cons\u00e9quences, ont moins d\u2019acc\u00e8s \u00e0 la vaccination que la population g\u00e9n\u00e9rale. Afin de lever les obstacles \u00e0 la vaccination contre la Covid-19, Sant\u00e9 publique France a mis en place une d\u00e9marche de mobilisation et de partage des connaissances (MobCo) impliquant plus [&hellip;]<\/div><\/li><li><a class='rsswidget' href='https:\/\/www.santepubliquefrance.fr\/mobco-mise-en-place-dun-dispositif-dinformation-pour-les-acteurs-de-terrain'>MOBCO : mise en place d&#039;un dispositif d&#039;information pour les acteurs de terrain<\/a><div class=\"rssSummary\"><\/div><\/li><li><a class='rsswidget' href='https:\/\/www.santepubliquefrance.fr\/presse\/populations-en-situation-de-precarite-et-covid-19-ameliorer-la-prevention-et-les-actions'>Populations en situation de pr\u00e9carit\u00e9 et Covid-19 : am\u00e9liorer la pr\u00e9vention et les actions gr\u00e2ce au partage de connaissances<\/a><div class=\"rssSummary\">Les populations en situation de pr\u00e9carit\u00e9 et particuli\u00e8rement les personnes sans\u2011domicile sont expos\u00e9es \u00e0 un risque accru d\u2019infection au SARS-COV-2 avec une s\u00e9v\u00e9rit\u00e9 aggrav\u00e9e sur la sant\u00e9 physique et mentale. Pour elles, les r\u00e9percussions de l\u2019\u00e9pid\u00e9mie et des mesures de gestion de la crise sont d\u00e9multipli\u00e9es : exposition accrue au virus du fait du lieu [&hellip;]<\/div><\/li><li><a class='rsswidget' href='https:\/\/www.santepubliquefrance.fr\/linfo-accessible-a-tous\/groupes-de-travail'>Groupes de travail<\/a><div class=\"rssSummary\"><\/div><\/li><li><a class='rsswidget' href='https:\/\/www.santepubliquefrance.fr\/linfo-accessible-a-tous\/handicap'>Handicap<\/a><div class=\"rssSummary\"><\/div><\/li><\/ul><\/nav><\/div><div id=\"panel-812-0-0-3\" class=\"so-panel widget widget_rss\" data-index=\"3\" ><h3 class=\"widget-title\"><a class=\"rsswidget rss-widget-feed\" href=\"http:\/\/social-sante.gouv.fr\/spip.php?page=backend\"><img decoding=\"async\" class=\"rss-widget-icon\" style=\"border:0\" width=\"14\" height=\"14\" src=\"https:\/\/sites.ac-nancy-metz.fr\/stss\/wp-includes\/images\/rss.png\" alt=\"Flux\" loading=\"lazy\" \/><\/a> <a class=\"rsswidget rss-widget-title\" href=\"\">Minist\u00e8re de la sant\u00e9 et de la pr\u00e9vention<\/a><\/h3><nav aria-label=\"Minist\u00e8re de la sant\u00e9 et de la pr\u00e9vention\"><\/nav><\/div><div id=\"panel-812-0-0-4\" class=\"so-panel widget widget_rss panel-last-child\" data-index=\"4\" ><h3 class=\"widget-title\"><a class=\"rsswidget rss-widget-feed\" href=\"http:\/\/travail-emploi.gouv.fr\/spip.php?page=backend\"><img decoding=\"async\" class=\"rss-widget-icon\" style=\"border:0\" width=\"14\" height=\"14\" src=\"https:\/\/sites.ac-nancy-metz.fr\/stss\/wp-includes\/images\/rss.png\" alt=\"Flux\" loading=\"lazy\" \/><\/a> <a class=\"rsswidget rss-widget-title\" href=\"\">Minist\u00e8re du Travail, du Plein emploi et de l&rsquo;Insertion<\/a><\/h3><nav aria-label=\"Minist\u00e8re du Travail, du Plein emploi et de l&rsquo;Insertion\"><\/nav><\/div><\/div><\/div><\/div>","protected":false},"excerpt":{"rendered":"<p>\u00a0 \u00a0A la Une \ud83d\uddd3\ufe0f\u00a0Le 3 octobre \u00e0 9h15\u00a0 \u00ab\u00a0Inclusion financi\u00e8re\u00a0\u00bb &#8211; Dur\u00e9e 45 min [J-1] Caf\u00e9 num\u00e9rique #3 &#8211;\u00a0Rencontre avec SOS Familles Emma\u00fcs Pour cette 3\u00e8me \u00e9dition, nous aurons le plaisir d&rsquo;accueillir\u00a0SOS Familles Emma\u00fcs, acteur historique de l&rsquo;inclusion financi\u00e8re qui agit aupr\u00e8s des familles en situation de malendettement en leur apportant un accompagnement budg\u00e9taire&#8230;<\/p>\n<p class=\"more-link-wrap\"><a href=\"https:\/\/sites.ac-nancy-metz.fr\/stss\/812-2\/\" class=\"more-link\">En savoir plus<span class=\"screen-reader-text\"> &ldquo;A la Une&rdquo;<\/span> &raquo;<\/a><\/p>\n","protected":false},"author":1,"featured_media":0,"parent":0,"menu_order":0,"comment_status":"closed","ping_status":"closed","template":"","meta":{"footnotes":""},"class_list":["post-812","page","type-page","status-publish","hentry"],"yoast_head":"<!-- This site is optimized with the Yoast SEO plugin v24.9 - https:\/\/yoast.com\/wordpress\/plugins\/seo\/ -->\n<title>A la Une - STMS<\/title>\n<meta name=\"robots\" content=\"index, follow, max-snippet:-1, max-image-preview:large, max-video-preview:-1\" \/>\n<link rel=\"canonical\" href=\"https:\/\/sites.ac-nancy-metz.fr\/stss\/812-2\/\" \/>\n<meta property=\"og:locale\" content=\"fr_FR\" \/>\n<meta property=\"og:type\" content=\"article\" \/>\n<meta property=\"og:title\" content=\"A la Une - STMS\" \/>\n<meta property=\"og:description\" content=\"\u00a0 \u00a0A la Une \ud83d\uddd3\ufe0f\u00a0Le 3 octobre \u00e0 9h15\u00a0 &quot;Inclusion financi\u00e8re&quot; - Dur\u00e9e 45 min [J-1] Caf\u00e9 num\u00e9rique #3 -\u00a0Rencontre avec SOS Familles Emma\u00fcs Pour cette 3\u00e8me \u00e9dition, nous aurons le plaisir d&#039;accueillir\u00a0SOS Familles Emma\u00fcs, acteur historique de l&#039;inclusion financi\u00e8re qui agit aupr\u00e8s des familles en situation de malendettement en leur apportant un accompagnement budg\u00e9taire...En savoir plus &ldquo;A la Une&rdquo; &raquo;\" \/>\n<meta property=\"og:url\" content=\"https:\/\/sites.ac-nancy-metz.fr\/stss\/812-2\/\" \/>\n<meta property=\"og:site_name\" content=\"STMS\" \/>\n<meta property=\"article:modified_time\" content=\"2023-10-02T10:52:58+00:00\" \/>\n<meta property=\"og:image\" content=\"https:\/\/sites.ac-nancy-metz.fr\/stss\/wp-content\/uploads\/2023\/08\/puce-logo-site.png\" \/>\n<meta name=\"twitter:card\" content=\"summary_large_image\" \/>\n<meta name=\"twitter:label1\" content=\"Dur\u00e9e de lecture estim\u00e9e\" \/>\n\t<meta name=\"twitter:data1\" content=\"4 minutes\" \/>\n<script type=\"application\/ld+json\" class=\"yoast-schema-graph\">{\"@context\":\"https:\/\/schema.org\",\"@graph\":[{\"@type\":\"WebPage\",\"@id\":\"https:\/\/sites.ac-nancy-metz.fr\/stss\/812-2\/\",\"url\":\"https:\/\/sites.ac-nancy-metz.fr\/stss\/812-2\/\",\"name\":\"A la Une - STMS\",\"isPartOf\":{\"@id\":\"https:\/\/sites.ac-nancy-metz.fr\/stss\/#website\"},\"primaryImageOfPage\":{\"@id\":\"https:\/\/sites.ac-nancy-metz.fr\/stss\/812-2\/#primaryimage\"},\"image\":{\"@id\":\"https:\/\/sites.ac-nancy-metz.fr\/stss\/812-2\/#primaryimage\"},\"thumbnailUrl\":\"https:\/\/sites.ac-nancy-metz.fr\/stss\/wp-content\/uploads\/2023\/08\/puce-logo-site.png\",\"datePublished\":\"2023-08-31T10:18:00+00:00\",\"dateModified\":\"2023-10-02T10:52:58+00:00\",\"breadcrumb\":{\"@id\":\"https:\/\/sites.ac-nancy-metz.fr\/stss\/812-2\/#breadcrumb\"},\"inLanguage\":\"fr-FR\",\"potentialAction\":[{\"@type\":\"ReadAction\",\"target\":[\"https:\/\/sites.ac-nancy-metz.fr\/stss\/812-2\/\"]}]},{\"@type\":\"ImageObject\",\"inLanguage\":\"fr-FR\",\"@id\":\"https:\/\/sites.ac-nancy-metz.fr\/stss\/812-2\/#primaryimage\",\"url\":\"https:\/\/sites.ac-nancy-metz.fr\/stss\/wp-content\/uploads\/2023\/08\/puce-logo-site.png\",\"contentUrl\":\"https:\/\/sites.ac-nancy-metz.fr\/stss\/wp-content\/uploads\/2023\/08\/puce-logo-site.png\",\"width\":22,\"height\":22},{\"@type\":\"BreadcrumbList\",\"@id\":\"https:\/\/sites.ac-nancy-metz.fr\/stss\/812-2\/#breadcrumb\",\"itemListElement\":[{\"@type\":\"ListItem\",\"position\":1,\"name\":\"Accueil\",\"item\":\"https:\/\/sites.ac-nancy-metz.fr\/stss\/\"},{\"@type\":\"ListItem\",\"position\":2,\"name\":\"A la Une\"}]},{\"@type\":\"WebSite\",\"@id\":\"https:\/\/sites.ac-nancy-metz.fr\/stss\/#website\",\"url\":\"https:\/\/sites.ac-nancy-metz.fr\/stss\/\",\"name\":\"STMS\",\"description\":\" Sciences et Techniques M\u00e9dico-Sociales \",\"publisher\":{\"@id\":\"https:\/\/sites.ac-nancy-metz.fr\/stss\/#organization\"},\"potentialAction\":[{\"@type\":\"SearchAction\",\"target\":{\"@type\":\"EntryPoint\",\"urlTemplate\":\"https:\/\/sites.ac-nancy-metz.fr\/stss\/?s={search_term_string}\"},\"query-input\":{\"@type\":\"PropertyValueSpecification\",\"valueRequired\":true,\"valueName\":\"search_term_string\"}}],\"inLanguage\":\"fr-FR\"},{\"@type\":\"Organization\",\"@id\":\"https:\/\/sites.ac-nancy-metz.fr\/stss\/#organization\",\"name\":\"Sciences et Techniques M\u00e9dico-Sociales\",\"url\":\"https:\/\/sites.ac-nancy-metz.fr\/stss\/\",\"logo\":{\"@type\":\"ImageObject\",\"inLanguage\":\"fr-FR\",\"@id\":\"https:\/\/sites.ac-nancy-metz.fr\/stss\/#\/schema\/logo\/image\/\",\"url\":\"https:\/\/sites.ac-nancy-metz.fr\/stss\/wp-content\/uploads\/2023\/06\/cropped-cropped-logo-ac-nancy-20-e1688052918222.jpg\",\"contentUrl\":\"https:\/\/sites.ac-nancy-metz.fr\/stss\/wp-content\/uploads\/2023\/06\/cropped-cropped-logo-ac-nancy-20-e1688052918222.jpg\",\"width\":100,\"height\":80,\"caption\":\"Sciences et Techniques M\u00e9dico-Sociales\"},\"image\":{\"@id\":\"https:\/\/sites.ac-nancy-metz.fr\/stss\/#\/schema\/logo\/image\/\"}}]}<\/script>\n<!-- \/ Yoast SEO plugin. -->","yoast_head_json":{"title":"A la Une - STMS","robots":{"index":"index","follow":"follow","max-snippet":"max-snippet:-1","max-image-preview":"max-image-preview:large","max-video-preview":"max-video-preview:-1"},"canonical":"https:\/\/sites.ac-nancy-metz.fr\/stss\/812-2\/","og_locale":"fr_FR","og_type":"article","og_title":"A la Une - STMS","og_description":"\u00a0 \u00a0A la Une \ud83d\uddd3\ufe0f\u00a0Le 3 octobre \u00e0 9h15\u00a0 \"Inclusion financi\u00e8re\" - Dur\u00e9e 45 min [J-1] Caf\u00e9 num\u00e9rique #3 -\u00a0Rencontre avec SOS Familles Emma\u00fcs Pour cette 3\u00e8me \u00e9dition, nous aurons le plaisir d'accueillir\u00a0SOS Familles Emma\u00fcs, acteur historique de l'inclusion financi\u00e8re qui agit aupr\u00e8s des familles en situation de malendettement en leur apportant un accompagnement budg\u00e9taire...En savoir plus &ldquo;A la Une&rdquo; &raquo;","og_url":"https:\/\/sites.ac-nancy-metz.fr\/stss\/812-2\/","og_site_name":"STMS","article_modified_time":"2023-10-02T10:52:58+00:00","og_image":[{"url":"https:\/\/sites.ac-nancy-metz.fr\/stss\/wp-content\/uploads\/2023\/08\/puce-logo-site.png","type":"","width":"","height":""}],"twitter_card":"summary_large_image","twitter_misc":{"Dur\u00e9e de lecture estim\u00e9e":"4 minutes"},"schema":{"@context":"https:\/\/schema.org","@graph":[{"@type":"WebPage","@id":"https:\/\/sites.ac-nancy-metz.fr\/stss\/812-2\/","url":"https:\/\/sites.ac-nancy-metz.fr\/stss\/812-2\/","name":"A la Une - STMS","isPartOf":{"@id":"https:\/\/sites.ac-nancy-metz.fr\/stss\/#website"},"primaryImageOfPage":{"@id":"https:\/\/sites.ac-nancy-metz.fr\/stss\/812-2\/#primaryimage"},"image":{"@id":"https:\/\/sites.ac-nancy-metz.fr\/stss\/812-2\/#primaryimage"},"thumbnailUrl":"https:\/\/sites.ac-nancy-metz.fr\/stss\/wp-content\/uploads\/2023\/08\/puce-logo-site.png","datePublished":"2023-08-31T10:18:00+00:00","dateModified":"2023-10-02T10:52:58+00:00","breadcrumb":{"@id":"https:\/\/sites.ac-nancy-metz.fr\/stss\/812-2\/#breadcrumb"},"inLanguage":"fr-FR","potentialAction":[{"@type":"ReadAction","target":["https:\/\/sites.ac-nancy-metz.fr\/stss\/812-2\/"]}]},{"@type":"ImageObject","inLanguage":"fr-FR","@id":"https:\/\/sites.ac-nancy-metz.fr\/stss\/812-2\/#primaryimage","url":"https:\/\/sites.ac-nancy-metz.fr\/stss\/wp-content\/uploads\/2023\/08\/puce-logo-site.png","contentUrl":"https:\/\/sites.ac-nancy-metz.fr\/stss\/wp-content\/uploads\/2023\/08\/puce-logo-site.png","width":22,"height":22},{"@type":"BreadcrumbList","@id":"https:\/\/sites.ac-nancy-metz.fr\/stss\/812-2\/#breadcrumb","itemListElement":[{"@type":"ListItem","position":1,"name":"Accueil","item":"https:\/\/sites.ac-nancy-metz.fr\/stss\/"},{"@type":"ListItem","position":2,"name":"A la Une"}]},{"@type":"WebSite","@id":"https:\/\/sites.ac-nancy-metz.fr\/stss\/#website","url":"https:\/\/sites.ac-nancy-metz.fr\/stss\/","name":"STMS","description":" Sciences et Techniques M\u00e9dico-Sociales ","publisher":{"@id":"https:\/\/sites.ac-nancy-metz.fr\/stss\/#organization"},"potentialAction":[{"@type":"SearchAction","target":{"@type":"EntryPoint","urlTemplate":"https:\/\/sites.ac-nancy-metz.fr\/stss\/?s={search_term_string}"},"query-input":{"@type":"PropertyValueSpecification","valueRequired":true,"valueName":"search_term_string"}}],"inLanguage":"fr-FR"},{"@type":"Organization","@id":"https:\/\/sites.ac-nancy-metz.fr\/stss\/#organization","name":"Sciences et Techniques M\u00e9dico-Sociales","url":"https:\/\/sites.ac-nancy-metz.fr\/stss\/","logo":{"@type":"ImageObject","inLanguage":"fr-FR","@id":"https:\/\/sites.ac-nancy-metz.fr\/stss\/#\/schema\/logo\/image\/","url":"https:\/\/sites.ac-nancy-metz.fr\/stss\/wp-content\/uploads\/2023\/06\/cropped-cropped-logo-ac-nancy-20-e1688052918222.jpg","contentUrl":"https:\/\/sites.ac-nancy-metz.fr\/stss\/wp-content\/uploads\/2023\/06\/cropped-cropped-logo-ac-nancy-20-e1688052918222.jpg","width":100,"height":80,"caption":"Sciences et Techniques M\u00e9dico-Sociales"},"image":{"@id":"https:\/\/sites.ac-nancy-metz.fr\/stss\/#\/schema\/logo\/image\/"}}]}},"_links":{"self":[{"href":"https:\/\/sites.ac-nancy-metz.fr\/stss\/wp-json\/wp\/v2\/pages\/812","targetHints":{"allow":["GET"]}}],"collection":[{"href":"https:\/\/sites.ac-nancy-metz.fr\/stss\/wp-json\/wp\/v2\/pages"}],"about":[{"href":"https:\/\/sites.ac-nancy-metz.fr\/stss\/wp-json\/wp\/v2\/types\/page"}],"author":[{"embeddable":true,"href":"https:\/\/sites.ac-nancy-metz.fr\/stss\/wp-json\/wp\/v2\/users\/1"}],"replies":[{"embeddable":true,"href":"https:\/\/sites.ac-nancy-metz.fr\/stss\/wp-json\/wp\/v2\/comments?post=812"}],"version-history":[{"count":37,"href":"https:\/\/sites.ac-nancy-metz.fr\/stss\/wp-json\/wp\/v2\/pages\/812\/revisions"}],"predecessor-version":[{"id":1068,"href":"https:\/\/sites.ac-nancy-metz.fr\/stss\/wp-json\/wp\/v2\/pages\/812\/revisions\/1068"}],"wp:attachment":[{"href":"https:\/\/sites.ac-nancy-metz.fr\/stss\/wp-json\/wp\/v2\/media?parent=812"}],"curies":[{"name":"wp","href":"https:\/\/api.w.org\/{rel}","templated":true}]}}